{"id":72917,"date":"2020-11-10T13:30:04","date_gmt":"2020-11-10T12:30:04","guid":{"rendered":"https:\/\/museuciencies.cat\/comunicacion\/premi-nat\/premi-nat-2020\/"},"modified":"2021-10-24T10:16:55","modified_gmt":"2021-10-24T09:16:55","slug":"premi-nat-2020","status":"publish","type":"page","link":"https:\/\/museuciencies.cat\/es\/comunicacion\/premi-nat\/edicions-anteriors\/premi-nat-2020\/","title":{"rendered":"Premio Nat 2020"},"content":{"rendered":"<p><iframe loading=\"lazy\" src=\"https:\/\/www.youtube.com\/embed\/8MOZwn9swtg\" width=\"560\" height=\"315\" frameborder=\"0\" allowfullscreen=\"allowfullscreen\"><\/iframe><\/p>\n<p>La entrega del Premio Nat 2020 se celebr\u00f3 el <strong>25 de noviembre<\/strong>, con la conferencia \u00abDifondre coneixement m\u00e9s que divulgar curiositats\u00bb (\u00abDifundir conocimiento m\u00e1s que divulgar curiosidades\u00bb), que el galardonado Ramon Folch impartir\u00f3 en el transcurso del acto.<\/p>\n<p>Puedes ver la conferencia de nuevo en este <a href=\"https:\/\/youtu.be\/8MOZwn9swtg\" target=\"_blank\" rel=\"noopener noreferrer\">enlace<\/a>.<\/p>\n<h3>Galardonados del Premio Nat 2020<\/h3>\n<p>En esta tercera edici\u00f3n, el jurado ha decidido otorgar el <strong>Premio Nat 2020<\/strong> a <strong>Ramon Folch<\/strong>, doctor en Biolog\u00eda y socioec\u00f3logo, por su tarea de investigaci\u00f3n, divulgaci\u00f3n y defensa de la biodiversidad y el medio ambiente en nuestro pa\u00eds y a escala internacional, por la creaci\u00f3n de innovadoras herramientas cient\u00edficas y educativas al servicio de naturalistas y ec\u00f3logos, y por el impacto de su labor en muchos \u00e1mbitos profesionales y en la sensibilizaci\u00f3n de la sociedad sobre la naturaleza.<\/p>\n<p>La <strong>Menci\u00f3n de Honor a t\u00edtulo p\u00f3stumo<\/strong> es para <strong>Lynn Margulis<\/strong>, bi\u00f3loga y pensadora, por sus aportaciones en el campo de la biolog\u00eda evolutiva, que sacudieron la interpretaci\u00f3n sobre el mundo vivo al formular una teor\u00eda que situaba la simbiosis y la cooperaci\u00f3n como motores clave de la evoluci\u00f3n, as\u00ed como por la gran tarea que desempe\u00f1\u00f3 en el \u00e1mbito pedag\u00f3gico y divulgativo.<\/p>\n<p><strong>El jurado del Premio Nat est\u00e1 formado por: \u00a0<\/strong><\/p>\n<ul>\n<li>Dacha Atienza, responsable de Investigaci\u00f3n y Colecciones del Museu de Ci\u00e8ncies Naturals de Barcelona.<\/li>\n<li>Mara Dierssen, directora de investigaci\u00f3n del Centro de Regulaci\u00f3n Gen\u00f3mica de Barcelona.<\/li>\n<li>Mart\u00ed Dom\u00ednguez, director de la revista <em>M\u00e8tode<\/em> y escritor.<\/li>\n<li>Xavier Duran, periodista de TV3 y escritor.<\/li>\n<li>Teresa Garnatje, directora del Institut Bot\u00e0nic de Barcelona.<\/li>\n<li>Anna Omedes, directora del Museu de Ci\u00e8ncies Naturals de Barcelona.<\/li>\n<li>Joandom\u00e8nec Ros, presidente del Institut d\u2019Estudis Catalans.<\/li>\n<li>Secretario del jurado: Jordi Serrallonga, arque\u00f3logo, naturalista y asesor del Museu de Ci\u00e8ncies Naturals de Barcelona.<\/li>\n<\/ul>\n","protected":false},"excerpt":{"rendered":"<p>La entrega del Premio Nat 2020 se celebr\u00f3 el 25 de noviembre, con la conferencia \u00abDifondre coneixement m\u00e9s que divulgar curiositats\u00bb (\u00abDifundir conocimiento m\u00e1s que divulgar curiosidades\u00bb), que el galardonado Ramon Folch impartir\u00f3 en el transcurso del acto. Puedes ver la conferencia de nuevo en este enlace. Galardonados del Premio Nat 2020 En esta tercera [&hellip;]<\/p>\n","protected":false},"author":2,"featured_media":0,"parent":105034,"menu_order":264,"comment_status":"closed","ping_status":"closed","template":"","meta":{"_acf_changed":false,"footnotes":""},"class_list":["post-72917","page","type-page","status-publish","hentry"],"acf":{"text_alerta":"","presenta_fills":"no","activeu_alerta":false,"links_associats":false,"arxius_adjunts":false,"boto_de_link_o_mail":false,"nou_carrusel":false,"imatge_llistat":false,"presenta_peu":false,"img_cap":54106,"tambe_us_pot_interessar":""},"jetpack_sharing_enabled":true,"_links":{"self":[{"href":"https:\/\/museuciencies.cat\/es\/wp-json\/wp\/v2\/pages\/72917","targetHints":{"allow":["GET"]}}],"collection":[{"href":"https:\/\/museuciencies.cat\/es\/wp-json\/wp\/v2\/pages"}],"about":[{"href":"https:\/\/museuciencies.cat\/es\/wp-json\/wp\/v2\/types\/page"}],"author":[{"embeddable":true,"href":"https:\/\/museuciencies.cat\/es\/wp-json\/wp\/v2\/users\/2"}],"replies":[{"embeddable":true,"href":"https:\/\/museuciencies.cat\/es\/wp-json\/wp\/v2\/comments?post=72917"}],"version-history":[{"count":0,"href":"https:\/\/museuciencies.cat\/es\/wp-json\/wp\/v2\/pages\/72917\/revisions"}],"up":[{"embeddable":true,"href":"https:\/\/museuciencies.cat\/es\/wp-json\/wp\/v2\/pages\/105034"}],"wp:attachment":[{"href":"https:\/\/museuciencies.cat\/es\/wp-json\/wp\/v2\/media?parent=72917"}],"curies":[{"name":"wp","href":"https:\/\/api.w.org\/{rel}","templated":true}]}}