{"id":69418,"date":"2020-03-04T16:51:00","date_gmt":"2020-03-04T15:51:00","guid":{"rendered":"https:\/\/museuciencies.cat\/el-nat\/las-sedes\/museo-de-ciencias-naturales-de-barcelona\/terrat-viu\/"},"modified":"2025-07-29T10:22:28","modified_gmt":"2025-07-29T08:22:28","slug":"terrat-viu","status":"publish","type":"page","link":"https:\/\/museuciencies.cat\/es\/el-nat\/las-sedes\/museo-de-ciencias-naturales-de-barcelona\/terrat-viu\/","title":{"rendered":"El Terrado Vivo del Museo"},"content":{"rendered":"<h3>\u00bfC\u00f3mo es el Terrado Vivo del Museo?<\/h3>\n<p>Superficie total de la cubierta 14.000 m<sup>2<\/sup>, Terrado Vivo 7.100 m<sup>2<\/sup><\/p>\n<div id=\"attachment_67236\" style=\"width: 625px\" class=\"wp-caption aligncenter\"><img loading=\"lazy\" decoding=\"async\" aria-describedby=\"caption-attachment-67236\" data-attachment-id=\"67239\" data-permalink=\"https:\/\/museuciencies.cat\/es\/el-nat\/las-sedes\/museo-de-ciencias-naturales-de-barcelona\/terrat-viu\/019_santmarti_forum_210220-2\/\" data-orig-file=\"https:\/\/museuciencies.cat\/wp-content\/uploads\/2020\/03\/019_SantMarti_Forum_210220.jpg\" data-orig-size=\"1600,1067\" data-comments-opened=\"0\" data-image-meta=\"{&quot;aperture&quot;:&quot;5&quot;,&quot;credit&quot;:&quot;&quot;,&quot;camera&quot;:&quot;Canon EOS 5D Mark II&quot;,&quot;caption&quot;:&quot;&quot;,&quot;created_timestamp&quot;:&quot;1582294428&quot;,&quot;copyright&quot;:&quot;&quot;,&quot;focal_length&quot;:&quot;43&quot;,&quot;iso&quot;:&quot;320&quot;,&quot;shutter_speed&quot;:&quot;0.000625&quot;,&quot;title&quot;:&quot;&quot;,&quot;orientation&quot;:&quot;1&quot;}\" data-image-title=\"019_SantMarti_Forum_210220\" data-image-description=\"\" data-image-caption=\"&lt;p&gt;Panor\u00e0mica de la coberta verda del Museu des del Hotel Princess. Imatge de Pere Vives\/MCNB&lt;\/p&gt;\n\" data-medium-file=\"https:\/\/museuciencies.cat\/wp-content\/uploads\/2020\/03\/019_SantMarti_Forum_210220-615x410.jpg\" data-large-file=\"https:\/\/museuciencies.cat\/wp-content\/uploads\/2020\/03\/019_SantMarti_Forum_210220-1024x683.jpg\" class=\"wp-image-67239 size-medium\" src=\"https:\/\/museuciencies.cat\/wp-content\/uploads\/2020\/03\/019_SantMarti_Forum_210220-615x410.jpg\" alt=\"\" width=\"615\" height=\"410\" srcset=\"https:\/\/museuciencies.cat\/wp-content\/uploads\/2020\/03\/019_SantMarti_Forum_210220-615x410.jpg 615w, https:\/\/museuciencies.cat\/wp-content\/uploads\/2020\/03\/019_SantMarti_Forum_210220-768x512.jpg 768w, https:\/\/museuciencies.cat\/wp-content\/uploads\/2020\/03\/019_SantMarti_Forum_210220-1024x683.jpg 1024w, https:\/\/museuciencies.cat\/wp-content\/uploads\/2020\/03\/019_SantMarti_Forum_210220.jpg 1600w\" sizes=\"auto, (max-width: 615px) 100vw, 615px\" \/><p id=\"caption-attachment-67236\" class=\"wp-caption-text\">Vista a\u00e9rea de la cubierta verde del Museo. Imagen de Pere Vivas\/MCNB<\/p><\/div>\n<p>Las caracter\u00edsticas y situaci\u00f3n del edificio condicionan los tipos de plantas de las cubiertas verdes. El Terrado tiene una limitaci\u00f3n de peso, el mar est\u00e1 cerca y a menudo sopla el viento. Para no sobrepasar el peso establecido, se han escogido plantas herb\u00e1ceas que necesitan poco grosor de tierra, evitando \u00e1rboles o vegetaci\u00f3n pesada.<\/p>\n<p>El Terrado Vivo tiene flora adaptada a las condiciones ambientales del Mediterr\u00e1neo y en concreto, de Barcelona y a la cercan\u00eda del mar.<\/p>\n<p>La cubierta del Museo es un laboratorio natural donde se pueden realizar investigaciones sobre diferentes \u00e1mbitos de la ciencia. Por sus caracter\u00edsticas, se pueden llevar a cabo proyectos sobre la fauna, la calidad del agua o el cambio clim\u00e1tico, en un entorno controlado.<\/p>\n<p>Estos proyectos los desarrollan los equipos cient\u00edficos del Museo en colaboraci\u00f3n con otros centros de investigaci\u00f3n y universidades.<\/p>\n<h3>\u00bfQu\u00e9 hay en el Terrado Vivo?<\/h3>\n<p><strong>1. Mesocosmos<\/strong><\/p>\n<p>Para entender c\u00f3mo responden los ecosistemas a los cambios ambientales, es necesario someterlos a las mismas presiones que sufrir\u00e1n en el mundo real.<\/p>\n<p>Un buen indicador es el microbioma del suelo. Para hacerlo de forma controlada, utilizamos los mesocosmos: peque\u00f1os invernaderos con forma de c\u00fapula hexagonal, abiertos por la parte superior. Estas estructuras mantienen la temperatura interior 2\u202f\u00b0C m\u00e1s alta que la exterior, para simular los efectos previstos del cambio clim\u00e1tico. Estudiamos c\u00f3mo cambian las comunidades microbianas dentro y fuera de los mesocosmos para identificar se\u00f1ales de alerta. As\u00ed, podemos anticipar posibles puntos de no retorno y entender mejor los l\u00edmites ecol\u00f3gicos antes de que los cambios sean irreversibles. Esto nos permite ver que peque\u00f1as variaciones provocan grandes cambios en el funcionamiento de los ecosistemas.<\/p>\n<div id=\"attachment_120061\" style=\"width: 625px\" class=\"wp-caption aligncenter\"><img loading=\"lazy\" decoding=\"async\" aria-describedby=\"caption-attachment-120061\" data-attachment-id=\"120061\" data-permalink=\"https:\/\/museuciencies.cat\/es\/el-nat\/las-sedes\/museo-de-ciencias-naturales-de-barcelona\/terrat-viu\/20250513_090148-2\/\" data-orig-file=\"https:\/\/museuciencies.cat\/wp-content\/uploads\/2025\/05\/20250513_090148-scaled.jpg\" data-orig-size=\"2560,1920\" data-comments-opened=\"0\" data-image-meta=\"{&quot;aperture&quot;:&quot;0&quot;,&quot;credit&quot;:&quot;&quot;,&quot;camera&quot;:&quot;&quot;,&quot;caption&quot;:&quot;&quot;,&quot;created_timestamp&quot;:&quot;0&quot;,&quot;copyright&quot;:&quot;&quot;,&quot;focal_length&quot;:&quot;0&quot;,&quot;iso&quot;:&quot;0&quot;,&quot;shutter_speed&quot;:&quot;0&quot;,&quot;title&quot;:&quot;&quot;,&quot;orientation&quot;:&quot;0&quot;}\" data-image-title=\"20250513_090148\" data-image-description=\"\" data-image-caption=\"&lt;p&gt;Mesocosmos. Imatge de Cristina Serradell\/MCNB&lt;\/p&gt;\n\" data-medium-file=\"https:\/\/museuciencies.cat\/wp-content\/uploads\/2025\/05\/20250513_090148-615x461.jpg\" data-large-file=\"https:\/\/museuciencies.cat\/wp-content\/uploads\/2025\/05\/20250513_090148-1024x768.jpg\" class=\"size-medium wp-image-120061\" src=\"https:\/\/museuciencies.cat\/wp-content\/uploads\/2025\/05\/20250513_090148-615x461.jpg\" alt=\"Estructures hexagonals metacrilat mesocosmos terrat viu\" width=\"615\" height=\"461\" srcset=\"https:\/\/museuciencies.cat\/wp-content\/uploads\/2025\/05\/20250513_090148-615x461.jpg 615w, https:\/\/museuciencies.cat\/wp-content\/uploads\/2025\/05\/20250513_090148-1024x768.jpg 1024w, https:\/\/museuciencies.cat\/wp-content\/uploads\/2025\/05\/20250513_090148-768x576.jpg 768w, https:\/\/museuciencies.cat\/wp-content\/uploads\/2025\/05\/20250513_090148-1536x1152.jpg 1536w, https:\/\/museuciencies.cat\/wp-content\/uploads\/2025\/05\/20250513_090148-2048x1536.jpg 2048w\" sizes=\"auto, (max-width: 615px) 100vw, 615px\" \/><p id=\"caption-attachment-120061\" class=\"wp-caption-text\">Mesocosmos. Imagen de Cristina Serradell\/MCNB<\/p><\/div>\n<p>Mesocosmos es un proyecto impulsado por el Laboratorio de Sistemas Complejos (Universitat Pompeu Fabra), el Laboratorio de Tierras \u00c1ridas y Cambio Global (Universidad de Alicante), el Museu de Ci\u00e8ncies Naturals de Barcelona, y es una de las propuestas ganadoras de la convocatoria de subvenciones para la investigaci\u00f3n y la innovaci\u00f3n impulsada por el Ayuntamiento de Barcelona y la Fundaci\u00f3n \u201dla Caixa\u201d.<\/p>\n<p><strong>2. Prados mediterr\u00e1neos de plantas anuales<\/strong>, que sobreviven al calor del verano en forma de semillas cuando la planta se seca o de bulbos bajo tierra, esperando mejores condiciones para volver a brotar. Son plantas adaptadas a la cercan\u00eda del mar. Aportan beneficios para el entorno de la ciudad, para el edificio y para la salud de las personas.<\/p>\n<div id=\"attachment_120042\" style=\"width: 625px\" class=\"wp-caption aligncenter\"><img loading=\"lazy\" decoding=\"async\" aria-describedby=\"caption-attachment-120042\" class=\"wp-image-120042 size-medium\" src=\"https:\/\/museuciencies.cat\/wp-content\/uploads\/2025\/05\/20250513_090349-615x461.jpg\" alt=\"prats mediterranis Terrat Viu del Museu.\" width=\"615\" height=\"461\" srcset=\"https:\/\/museuciencies.cat\/wp-content\/uploads\/2025\/05\/20250513_090349-615x461.jpg 615w, https:\/\/museuciencies.cat\/wp-content\/uploads\/2025\/05\/20250513_090349-1024x768.jpg 1024w, https:\/\/museuciencies.cat\/wp-content\/uploads\/2025\/05\/20250513_090349-768x576.jpg 768w, https:\/\/museuciencies.cat\/wp-content\/uploads\/2025\/05\/20250513_090349-1536x1152.jpg 1536w, https:\/\/museuciencies.cat\/wp-content\/uploads\/2025\/05\/20250513_090349-2048x1536.jpg 2048w\" sizes=\"auto, (max-width: 615px) 100vw, 615px\" \/><p id=\"caption-attachment-120042\" class=\"wp-caption-text\">Prats mediterrains Terrat Viu. Imatge de Cristina Serradell\/MCNB<\/p><\/div>\n<p><strong>3. Balsas de agua dulce<\/strong>, con plantas que se adaptan a las condiciones del agua y el clima de Barcelona. En las balsas viven muchos animales microsc\u00f3picos que se alimentan de las algas del plancton y que son el alimento de otros animales m\u00e1s grandes. Las balsas muestran, as\u00ed, ambientes de agua dulce, ricos en vida.<\/p>\n<p class=\"jetpack-slideshow-noscript robots-nocontent\">El pase de diapositivas requiere JavaScript.<\/p><div id=\"gallery-69418-1-slideshow\" class=\"jetpack-slideshow-window jetpack-slideshow jetpack-slideshow-black\" data-trans=\"fade\" data-autostart=\"1\" data-gallery=\"[{&quot;src&quot;:&quot;https:\\\/\\\/museuciencies.cat\\\/wp-content\\\/uploads\\\/2025\\\/05\\\/IMG-20250515-WA0007.jpg&quot;,&quot;id&quot;:&quot;120049&quot;,&quot;title&quot;:&quot;IMG-20250515-WA0007&quot;,&quot;alt&quot;:&quot;Grup gent visitant basses Terrat Viu&quot;,&quot;caption&quot;:&quot;Grup del Club dels Llun\\u00e0tics visitant Terrat Viu, les basses. Imatge de Lina Ubero\\\/MCNB&quot;,&quot;itemprop&quot;:&quot;image&quot;},{&quot;src&quot;:&quot;https:\\\/\\\/museuciencies.cat\\\/wp-content\\\/uploads\\\/2025\\\/05\\\/20250513_090647-scaled.jpg&quot;,&quot;id&quot;:&quot;120053&quot;,&quot;title&quot;:&quot;20250513_090647&quot;,&quot;alt&quot;:&quot;Imatge vegetaci\\u00f3 d\\u0026#039;una de les basses del Terrat Viu&quot;,&quot;caption&quot;:&quot;Bassa Terrat Viu. Imatge de Cristina Serradell&quot;,&quot;itemprop&quot;:&quot;image&quot;}]\" itemscope itemtype=\"https:\/\/schema.org\/ImageGallery\"><\/div>\n<p><strong>4<\/strong>. <strong>El hotel de insectos<\/strong> y las plantas mel\u00edferas, que atraen insectos polinizadores, ayudan a conservar las abejas y avispas solitarias, esenciales para mantener el equilibrio de los ecosistemas naturales.<\/p>\n<p class=\"jetpack-slideshow-noscript robots-nocontent\">El pase de diapositivas requiere JavaScript.<\/p><div id=\"gallery-69418-2-slideshow\" class=\"jetpack-slideshow-window jetpack-slideshow jetpack-slideshow-black\" data-trans=\"fade\" data-autostart=\"1\" data-gallery=\"[{&quot;src&quot;:&quot;https:\\\/\\\/museuciencies.cat\\\/wp-content\\\/uploads\\\/2025\\\/05\\\/20250513_090452-scaled.jpg&quot;,&quot;id&quot;:&quot;120057&quot;,&quot;title&quot;:&quot;20250513_090452&quot;,&quot;alt&quot;:&quot;Hotel de pol\\u00b7linitzadors al Terrat Viu.&quot;,&quot;caption&quot;:&quot;Hotel pol\\u00b7linitzadors Terrat Viu. Imatge de Cristina Serradell\\\/MCNB&quot;,&quot;itemprop&quot;:&quot;image&quot;},{&quot;src&quot;:&quot;https:\\\/\\\/museuciencies.cat\\\/wp-content\\\/uploads\\\/2025\\\/05\\\/20250320_100005-scaled-e1747385371932.jpg&quot;,&quot;id&quot;:&quot;120066&quot;,&quot;title&quot;:&quot;20250320_100005&quot;,&quot;alt&quot;:&quot;flor pinya blava al terrat viu&quot;,&quot;caption&quot;:&quot;Scilla peruviana al Terrat Viu. Imatge de Cristina Serradell\\\/MCNB&quot;,&quot;itemprop&quot;:&quot;image&quot;}]\" itemscope itemtype=\"https:\/\/schema.org\/ImageGallery\"><\/div>\n<p>&nbsp;<\/p>\n<p><strong>5. El jard\u00edn de las mediterr\u00e1neas del mundo<\/strong> es una peque\u00f1a muestra de las plantas del Jard\u00edn Bot\u00e1nico de Barcelona dedicado a la flora mediterr\u00e1nea mundial, ya que, adem\u00e1s de la regi\u00f3n mediterr\u00e1nea, este tipo de clima es caracter\u00edstico de algunas zonas de Chile, Australia, California y Sud\u00e1frica.<\/p>\n<div id=\"attachment_120991\" style=\"width: 625px\" class=\"wp-caption aligncenter\"><img loading=\"lazy\" decoding=\"async\" aria-describedby=\"caption-attachment-120991\" class=\"size-medium wp-image-120991\" src=\"https:\/\/museuciencies.cat\/wp-content\/uploads\/2025\/06\/07_JardiPlantesMediterraniesdelMonfotoClaraGonzalez-615x461.jpg\" alt=\"Detall de la franja o zona del jard\u00edneres amb la vegetaci\u00f3 representativa de les mediterr\u00e0nies del m\u00f3n, com al Jard\u00ed Bot\u00e0nic de Barcelona\" width=\"615\" height=\"461\" srcset=\"https:\/\/museuciencies.cat\/wp-content\/uploads\/2025\/06\/07_JardiPlantesMediterraniesdelMonfotoClaraGonzalez-615x461.jpg 615w, https:\/\/museuciencies.cat\/wp-content\/uploads\/2025\/06\/07_JardiPlantesMediterraniesdelMonfotoClaraGonzalez-1024x768.jpg 1024w, https:\/\/museuciencies.cat\/wp-content\/uploads\/2025\/06\/07_JardiPlantesMediterraniesdelMonfotoClaraGonzalez-768x576.jpg 768w, https:\/\/museuciencies.cat\/wp-content\/uploads\/2025\/06\/07_JardiPlantesMediterraniesdelMonfotoClaraGonzalez-1536x1152.jpg 1536w, https:\/\/museuciencies.cat\/wp-content\/uploads\/2025\/06\/07_JardiPlantesMediterraniesdelMonfotoClaraGonzalez-2048x1536.jpg 2048w\" sizes=\"auto, (max-width: 615px) 100vw, 615px\" \/><p id=\"caption-attachment-120991\" class=\"wp-caption-text\">Imagen de Clara Gonz\u00e1lez\/MCNB<\/p><\/div>\n<h3>Informaci\u00f3n pr\u00e1ctica<\/h3>\n<p><strong>De octubre a febrero:<\/strong><br \/>\nFines de semana y festivos, de 11h a 15h.<\/p>\n<p><strong>De marzo a setiembre:<\/strong><br \/>\nS\u00e1bados de 11h a 15h.<br \/>\nDomingos y festivos, de 11h a 15h.<br \/>\nDomingos tarde (puertas abiertas), de 16h a 20h.<\/p>\n<p>El precio est\u00e0 inclu\u00eddo en la entrada general del Museo.<\/p>\n","protected":false},"excerpt":{"rendered":"<p>\u00bfC\u00f3mo es el Terrado Vivo del Museo? Superficie total de la cubierta 14.000 m2, Terrado Vivo 7.100 m2 Las caracter\u00edsticas y situaci\u00f3n del edificio condicionan los tipos de plantas de las cubiertas verdes. El Terrado tiene una limitaci\u00f3n de peso, el mar est\u00e1 cerca y a menudo sopla el viento. Para no sobrepasar el peso [&hellip;]<\/p>\n","protected":false},"author":2,"featured_media":0,"parent":12870,"menu_order":282,"comment_status":"closed","ping_status":"closed","template":"","meta":{"_acf_changed":false,"footnotes":""},"class_list":["post-69418","page","type-page","status-publish","hentry"],"acf":{"tambe_us_pot_interessar":"","img_cap":69178,"presenta_peu":false,"imatge_llistat":false,"nou_carrusel":false,"boto_de_link_o_mail":false,"arxius_adjunts":false,"links_associats":false,"presenta_fills":"si","activeu_alerta":false,"text_alerta":"","segona_part":""},"jetpack_sharing_enabled":true,"_links":{"self":[{"href":"https:\/\/museuciencies.cat\/es\/wp-json\/wp\/v2\/pages\/69418","targetHints":{"allow":["GET"]}}],"collection":[{"href":"https:\/\/museuciencies.cat\/es\/wp-json\/wp\/v2\/pages"}],"about":[{"href":"https:\/\/museuciencies.cat\/es\/wp-json\/wp\/v2\/types\/page"}],"author":[{"embeddable":true,"href":"https:\/\/museuciencies.cat\/es\/wp-json\/wp\/v2\/users\/2"}],"replies":[{"embeddable":true,"href":"https:\/\/museuciencies.cat\/es\/wp-json\/wp\/v2\/comments?post=69418"}],"version-history":[{"count":12,"href":"https:\/\/museuciencies.cat\/es\/wp-json\/wp\/v2\/pages\/69418\/revisions"}],"predecessor-version":[{"id":121724,"href":"https:\/\/museuciencies.cat\/es\/wp-json\/wp\/v2\/pages\/69418\/revisions\/121724"}],"up":[{"embeddable":true,"href":"https:\/\/museuciencies.cat\/es\/wp-json\/wp\/v2\/pages\/12870"}],"wp:attachment":[{"href":"https:\/\/museuciencies.cat\/es\/wp-json\/wp\/v2\/media?parent=69418"}],"curies":[{"name":"wp","href":"https:\/\/api.w.org\/{rel}","templated":true}]}}