{"id":20090,"date":"2015-01-19T14:33:15","date_gmt":"2015-01-19T14:33:15","guid":{"rendered":"http:\/\/museuciencies.cat\/qui-som\/el-museu\/serveis\/lloguer-despais\/"},"modified":"2024-06-14T11:33:39","modified_gmt":"2024-06-14T09:33:39","slug":"alquiler-de-espacios","status":"publish","type":"page","link":"https:\/\/museuciencies.cat\/es\/el-nat\/servicios\/alquiler-de-espacios\/","title":{"rendered":"Alquiler de espacios"},"content":{"rendered":"<p>El Museo ofrece los espacios que a continuaci\u00f3n se detallan. Su disponibilidad est\u00e1 siempre condicionada a la actividad p\u00fablica y regulada por la normativa del Consorci del Museu de Ci\u00e8ncies Naturals de Barcelona.<\/p>\n<ul>\n<li><strong>Contacto:\u00a0<\/strong>Gesti\u00f3n y alquiler de espacios. E-mail: <a href=\"mailto:rree@bcn.cat\">rree@bcn.cat<\/a><\/li>\n<li>Horario de atenci\u00f3n: de lunes a viernes de 8 a 14h<\/li>\n<\/ul>\n<h3><a href=\"https:\/\/museuciencies.cat\/es\/el-nat\/las-sedes\/museo-de-ciencias-naturales-de-barcelona\/\" target=\"_blank\" rel=\"noopener noreferrer\"><strong>Museu de Ci\u00e8ncies Naturals de Barcelona, Parc del F\u00f2rum<\/strong><\/a><\/h3>\n<p>Los espacios de alquiler del Museo son:<\/p>\n<ul>\n<li dir=\"ltr\"><strong>Vest\u00edbulo<\/strong><\/li>\n<\/ul>\n<p>El \u00a0Vest\u00edbulo es el centro neur\u00e1lgico del Museo, al que se accede por una escalera presidida por el esqueleto de la ballena, en postura que simula su inmersi\u00f3n en el agua.<\/p>\n<p>El Vest\u00edbulo distribuye la circulaci\u00f3n por la mayor\u00eda de las instalaciones y servicios y es, al mismo tiempo, un espacio de ocio. Da acceso a la tienda, la mediateca, las aulas, la sala de actos y la sala de exposiciones temporales.<\/p>\n<p>Este espacio tan vers\u00e1til puede utilizarse a su vez para presentaciones, coffee breaks, aperitivos, etc.<\/p>\n<p class=\"jetpack-slideshow-noscript robots-nocontent\">El pase de diapositivas requiere JavaScript.<\/p><div id=\"gallery-20090-1-slideshow\" class=\"jetpack-slideshow-window jetpack-slideshow jetpack-slideshow-black\" data-trans=\"fade\" data-autostart=\"1\" data-gallery=\"[{&quot;src&quot;:&quot;https:\\\/\\\/museuciencies.cat\\\/wp-content\\\/uploads\\\/2022\\\/05\\\/Museu-Ciencies_Lloguer-espais-14-scaled.jpg&quot;,&quot;id&quot;:&quot;90543&quot;,&quot;title&quot;:&quot;Museu Ciencies_Lloguer espais 14&quot;,&quot;alt&quot;:&quot;Entrada al vest\\u00edbul del Museu amb l\\u0026#039;esquelet de la balena damunt les escales&quot;,&quot;caption&quot;:&quot;Entrada al vest\\u00edbulo del Museo. Imagen de JMdeLlobet\\\/museuciencies&quot;,&quot;itemprop&quot;:&quot;image&quot;},{&quot;src&quot;:&quot;https:\\\/\\\/museuciencies.cat\\\/wp-content\\\/uploads\\\/2022\\\/05\\\/Museu-Ciencies_Lloguer-espais-13-scaled.jpg&quot;,&quot;id&quot;:&quot;90547&quot;,&quot;title&quot;:&quot;Museu Ciencies_Lloguer espais 13&quot;,&quot;alt&quot;:&quot;Vest\\u00edbul del Museu&quot;,&quot;caption&quot;:&quot;Vest\\u00edbulo. Imagen de JMdeLlobet\\\/museuciencies&quot;,&quot;itemprop&quot;:&quot;image&quot;}]\" itemscope itemtype=\"https:\/\/schema.org\/ImageGallery\"><\/div>\n<p>&nbsp;<\/p>\n<ul>\n<li><strong>Sala de Actos Ram\u00f3n Margalef<\/strong><\/li>\n<\/ul>\n<p>La Sala de Actos es un espacio polivalente id\u00f3neo para conferencias, cursos, seminarios, sesiones de trabajo, presentaciones, proyecciones, ruedas de prensa, etc.<\/p>\n<p class=\"jetpack-slideshow-noscript robots-nocontent\">El pase de diapositivas requiere JavaScript.<\/p><div id=\"gallery-20090-2-slideshow\" class=\"jetpack-slideshow-window jetpack-slideshow jetpack-slideshow-black\" data-trans=\"fade\" data-autostart=\"1\" data-gallery=\"[{&quot;src&quot;:&quot;https:\\\/\\\/museuciencies.cat\\\/wp-content\\\/uploads\\\/2022\\\/05\\\/Museu-Ciencies_Lloguer-espais-11-scaled.jpg&quot;,&quot;id&quot;:&quot;90551&quot;,&quot;title&quot;:&quot;Museu Ciencies_Lloguer espais 11&quot;,&quot;alt&quot;:&quot;Tarima amb cadires Sala d\\u0026#039;actes Ramon Margalef&quot;,&quot;caption&quot;:&quot;Sala de Actos Ram\\u00f3n Margalef. Imagen de JMdeLlobet\\\/museuciencies&quot;,&quot;itemprop&quot;:&quot;image&quot;},{&quot;src&quot;:&quot;https:\\\/\\\/museuciencies.cat\\\/wp-content\\\/uploads\\\/Sala_dactes_5-461x615.jpg&quot;,&quot;id&quot;:&quot;19952&quot;,&quot;title&quot;:&quot;Sala_dactes_5-461\\u0026#215;615&quot;,&quot;alt&quot;:&quot;&quot;,&quot;caption&quot;:&quot;Sala de Actos Ram\\u00f3n Margalef. Foto: museuciencies&quot;,&quot;itemprop&quot;:&quot;image&quot;},{&quot;src&quot;:&quot;https:\\\/\\\/museuciencies.cat\\\/wp-content\\\/uploads\\\/2022\\\/05\\\/Museu-Ciencies_Lloguer-espais-10-scaled.jpg&quot;,&quot;id&quot;:&quot;90555&quot;,&quot;title&quot;:&quot;Museu Ciencies_Lloguer espais 10&quot;,&quot;alt&quot;:&quot;P\\u00e2nor\\u00e0mica sala d\\u0026#039;actes Ramon Margalef amb els bancs i la tarima&quot;,&quot;caption&quot;:&quot;Sala de Actos Ram\\u00f3n Margalef. Imagen de JMdeLlobet\\\/museuciencies&quot;,&quot;itemprop&quot;:&quot;image&quot;}]\" itemscope itemtype=\"https:\/\/schema.org\/ImageGallery\"><\/div>\n<ul>\n<li>\u00a0<strong>Aulas<\/strong><\/li>\n<\/ul>\n<p>El <strong>Aula 1<\/strong> es un espacio con vistas al vest\u00edbulo del museo, apto para actividades reducidas como: reuniones, presentaciones, talleres.<\/p>\n<p>Las <strong>Aulas 2 y 3<\/strong> son espacios con vistas a la zona de exposiciones temporales. Son aptas para actividades reducidas como reuniones, presentaciones, talleres, etc. Ideales para actividades complementarias a eventos realizados en la sala de actos.<\/p>\n<p class=\"jetpack-slideshow-noscript robots-nocontent\">El pase de diapositivas requiere JavaScript.<\/p><div id=\"gallery-20090-3-slideshow\" class=\"jetpack-slideshow-window jetpack-slideshow jetpack-slideshow-black\" data-trans=\"fade\" data-autostart=\"1\" data-gallery=\"[{&quot;src&quot;:&quot;https:\\\/\\\/museuciencies.cat\\\/wp-content\\\/uploads\\\/MG_32901.jpg&quot;,&quot;id&quot;:&quot;19157&quot;,&quot;title&quot;:&quot;_MG_3290&quot;,&quot;alt&quot;:&quot;&quot;,&quot;caption&quot;:&quot;Aula del Museu . Foto: museuciencies&quot;,&quot;itemprop&quot;:&quot;image&quot;},{&quot;src&quot;:&quot;https:\\\/\\\/museuciencies.cat\\\/wp-content\\\/uploads\\\/MG_7817.jpg&quot;,&quot;id&quot;:&quot;19177&quot;,&quot;title&quot;:&quot;_MG_7817&quot;,&quot;alt&quot;:&quot;&quot;,&quot;caption&quot;:&quot;Aula del Museu. Foto: museuciencies&quot;,&quot;itemprop&quot;:&quot;image&quot;}]\" itemscope itemtype=\"https:\/\/schema.org\/ImageGallery\"><\/div>\n<ul>\n<li dir=\"ltr\"><strong>Otros espacios:<br \/>\n<\/strong>Aptos para sesiones fotogr\u00e1ficas y f\u00edlmicas.<\/p>\n<ul>\n<li dir=\"ltr\"><strong><strong><strong><a href=\"https:\/\/museuciencies.cat\/es\/el-nat\/las-sedes\/museo-de-ciencias-naturales-de-barcelona\/terrat-viu\/\" target=\"_blank\" rel=\"noopener\">Terrado Vivo<\/a><br \/>\n<\/strong><\/strong><\/strong><p class=\"jetpack-slideshow-noscript robots-nocontent\">El pase de diapositivas requiere JavaScript.<\/p><div id=\"gallery-20090-4-slideshow\" class=\"jetpack-slideshow-window jetpack-slideshow jetpack-slideshow-black\" data-trans=\"fade\" data-autostart=\"1\" data-gallery=\"[{&quot;src&quot;:&quot;https:\\\/\\\/museuciencies.cat\\\/wp-content\\\/uploads\\\/2022\\\/06\\\/Museu-Ciencies_Lloguer-espais-03-scaled.jpg&quot;,&quot;id&quot;:&quot;91458&quot;,&quot;title&quot;:&quot;Museu Ciencies_Lloguer espais 03&quot;,&quot;alt&quot;:&quot;Panor\\u00e0mica Terrat Viu&quot;,&quot;caption&quot;:&quot;Imatge de JMdeLlobet\\\/MCNB&quot;,&quot;itemprop&quot;:&quot;image&quot;},{&quot;src&quot;:&quot;https:\\\/\\\/museuciencies.cat\\\/wp-content\\\/uploads\\\/2022\\\/06\\\/Museu-Ciencies_Lloguer-espais-04-scaled.jpg&quot;,&quot;id&quot;:&quot;91462&quot;,&quot;title&quot;:&quot;Museu Ciencies_Lloguer espais 04&quot;,&quot;alt&quot;:&quot;Panor\\u00e0mica Terrat Viu amb la Torre Telef\\u00f2nica al fons&quot;,&quot;caption&quot;:&quot;Imatge de JMdeLlobet\\\/MCNB&quot;,&quot;itemprop&quot;:&quot;image&quot;},{&quot;src&quot;:&quot;https:\\\/\\\/museuciencies.cat\\\/wp-content\\\/uploads\\\/2022\\\/06\\\/Museu-Ciencies_Lloguer-espais-01-scaled.jpg&quot;,&quot;id&quot;:&quot;91466&quot;,&quot;title&quot;:&quot;Museu Ciencies_Lloguer espais 01&quot;,&quot;alt&quot;:&quot;Panor\\u00e0mica del Terrat Viu del Museu amb el mar al fons&quot;,&quot;caption&quot;:&quot;Imatge de JMdeLlobet\\\/MCNB&quot;,&quot;itemprop&quot;:&quot;image&quot;}]\" itemscope itemtype=\"https:\/\/schema.org\/ImageGallery\"><\/div><\/p>\n<p><strong><strong>\u00a0<\/strong><\/strong><\/li>\n<li dir=\"ltr\"><strong><strong><strong>Restaurante<\/strong><\/strong><\/strong><p class=\"jetpack-slideshow-noscript robots-nocontent\">El pase de diapositivas requiere JavaScript.<\/p><div id=\"gallery-20090-5-slideshow\" class=\"jetpack-slideshow-window jetpack-slideshow jetpack-slideshow-black\" data-trans=\"fade\" data-autostart=\"1\" data-gallery=\"[{&quot;src&quot;:&quot;https:\\\/\\\/museuciencies.cat\\\/wp-content\\\/uploads\\\/2022\\\/06\\\/Museu-Ciencies_Lloguer-espais-06-scaled.jpg&quot;,&quot;id&quot;:&quot;91470&quot;,&quot;title&quot;:&quot;Museu Ciencies_Lloguer espais 06&quot;,&quot;alt&quot;:&quot;Entrada al caf\\u00e8-estaurant del Museu actualment tancat al p\\u00fablic&quot;,&quot;caption&quot;:&quot;Imatge de JMdeLlobet\\\/MCNB&quot;,&quot;itemprop&quot;:&quot;image&quot;},{&quot;src&quot;:&quot;https:\\\/\\\/museuciencies.cat\\\/wp-content\\\/uploads\\\/2022\\\/06\\\/Museu-Ciencies_Lloguer-espais-07-scaled.jpg&quot;,&quot;id&quot;:&quot;91474&quot;,&quot;title&quot;:&quot;Museu Ciencies_Lloguer espais 07&quot;,&quot;alt&quot;:&quot;Interior Restaurant Museu&quot;,&quot;caption&quot;:&quot;Imatge de JMdeLlobet\\\/MCNB&quot;,&quot;itemprop&quot;:&quot;image&quot;},{&quot;src&quot;:&quot;https:\\\/\\\/museuciencies.cat\\\/wp-content\\\/uploads\\\/2022\\\/06\\\/Museu-Ciencies_Lloguer-espais-08-scaled.jpg&quot;,&quot;id&quot;:&quot;91478&quot;,&quot;title&quot;:&quot;Museu Ciencies_Lloguer espais 08&quot;,&quot;alt&quot;:&quot;Interior restaurant Museu&quot;,&quot;caption&quot;:&quot;Imatge de JMdeLlobet\\\/MCNB&quot;,&quot;itemprop&quot;:&quot;image&quot;}]\" itemscope itemtype=\"https:\/\/schema.org\/ImageGallery\"><\/div><\/li>\n<li dir=\"ltr\"><strong><strong>Cocina<br \/>\n<\/strong><\/strong><\/li>\n<\/ul>\n<\/li>\n<\/ul>\n<div id=\"attachment_91479\" style=\"width: 625px\" class=\"wp-caption aligncenter\"><img loading=\"lazy\" decoding=\"async\" aria-describedby=\"caption-attachment-91479\" class=\"wp-image-91479 size-medium\" src=\"https:\/\/museuciencies.cat\/wp-content\/uploads\/2022\/06\/Museu-Ciencies_Lloguer-espais-09-615x410.jpg\" alt=\"Antiga cuina del restaurant de l'edifici F\u00f2rum\" width=\"615\" height=\"410\" srcset=\"https:\/\/museuciencies.cat\/wp-content\/uploads\/2022\/06\/Museu-Ciencies_Lloguer-espais-09-615x410.jpg 615w, https:\/\/museuciencies.cat\/wp-content\/uploads\/2022\/06\/Museu-Ciencies_Lloguer-espais-09-1024x683.jpg 1024w, https:\/\/museuciencies.cat\/wp-content\/uploads\/2022\/06\/Museu-Ciencies_Lloguer-espais-09-768x512.jpg 768w, https:\/\/museuciencies.cat\/wp-content\/uploads\/2022\/06\/Museu-Ciencies_Lloguer-espais-09-1536x1025.jpg 1536w, https:\/\/museuciencies.cat\/wp-content\/uploads\/2022\/06\/Museu-Ciencies_Lloguer-espais-09-2048x1366.jpg 2048w\" sizes=\"auto, (max-width: 615px) 100vw, 615px\" \/><p id=\"caption-attachment-91479\" class=\"wp-caption-text\">Imatge de JMdeLlobet\/museuciencies<\/p><\/div>\n<h3 dir=\"ltr\"><a href=\"https:\/\/museuciencies.cat\/es\/el-nat\/las-sedes\/jardin-botanico-de-barcelona\/\" target=\"_blank\" rel=\"noopener noreferrer\"><span style=\"color: #000000;\"><strong style=\"color: #000000;\">Jard\u00ed Bot\u00e0nic de Barcelona, Parque de Montju\u00efc<\/strong><\/span><\/a><\/h3>\n<p>Los espacios de alquiler del Jard\u00edn Bot\u00e1nico son los que encontrar\u00e1 en este <a href=\"https:\/\/museuciencies.cat\/wp-content\/uploads\/2019\/05\/Plano-Jard\u00edn-Bot\u00e1nico-ES.pdf\" target=\"_blank\" rel=\"noopener noreferrer\"><strong>plano<\/strong><\/a> de situaci\u00f3n, marcados en rojo.<\/p>\n<ul>\n<li style=\"list-style-type: none;\">\n<ul>\n<li style=\"list-style-type: none;\">\n<ul>\n<li dir=\"ltr\"><strong>Plaza Polivalente<\/strong><\/li>\n<\/ul>\n<\/li>\n<\/ul>\n<\/li>\n<\/ul>\n<p>La Plaza Polivalente es un espacio exterior de formas arquitect\u00f3nicas muy definidas en disposici\u00f3n de teatro con gradas. Esta morfolog\u00eda es ideal para actividades como conciertos, actuaciones, presentaciones, etc.<\/p>\n<p><a href=\"https:\/\/museuciencies.cat\/wp-content\/uploads\/2019\/05\/PLAZA-POLIVALENTE-ES.pdf\" target=\"_blank\" rel=\"noopener noreferrer\">Ficha espacio<\/a><br \/>\n<span style=\"color: #000000;\"> <a style=\"color: #000000;\" href=\"https:\/\/museuciencies.cat\/wp-content\/uploads\/2019\/05\/PLAZA-POLIVALENTE-ES.pdf\" target=\"_blank\" rel=\"noopener noreferrer\">Plano<\/a><\/span><\/p>\n<p class=\"jetpack-slideshow-noscript robots-nocontent\">El pase de diapositivas requiere JavaScript.<\/p><div id=\"gallery-20090-6-slideshow\" class=\"jetpack-slideshow-window jetpack-slideshow jetpack-slideshow-black\" data-trans=\"fade\" data-autostart=\"1\" data-gallery=\"[{&quot;src&quot;:&quot;https:\\\/\\\/museuciencies.cat\\\/wp-content\\\/uploads\\\/1_placa_polivalent_5-1024x768.jpg&quot;,&quot;id&quot;:&quot;19977&quot;,&quot;title&quot;:&quot;1_placa_polivalent_5-1024\\u0026#215;768&quot;,&quot;alt&quot;:&quot;&quot;,&quot;caption&quot;:&quot;Plaza Polivalente del Jard\\u00ed Bot\\u00e0nic. Foto: museuciencies&quot;,&quot;itemprop&quot;:&quot;image&quot;},{&quot;src&quot;:&quot;https:\\\/\\\/museuciencies.cat\\\/wp-content\\\/uploads\\\/1_placa_polivalent_2-1024x682.jpg&quot;,&quot;id&quot;:&quot;19985&quot;,&quot;title&quot;:&quot;1_placa_polivalent_2-1024\\u0026#215;682&quot;,&quot;alt&quot;:&quot;&quot;,&quot;caption&quot;:&quot;Plaza Polivalente del Jard\\u00ed Bot\\u00e0nic. Foto: museuciencies&quot;,&quot;itemprop&quot;:&quot;image&quot;},{&quot;src&quot;:&quot;https:\\\/\\\/museuciencies.cat\\\/wp-content\\\/uploads\\\/1_placa_polivalent_1-1024x768.jpg&quot;,&quot;id&quot;:&quot;19989&quot;,&quot;title&quot;:&quot;1_placa_polivalent_1-1024\\u0026#215;768&quot;,&quot;alt&quot;:&quot;&quot;,&quot;caption&quot;:&quot;Plaza Polivalente del Jard\\u00ed Bot\\u00e0nic. Foto: museuciencies&quot;,&quot;itemprop&quot;:&quot;image&quot;}]\" itemscope itemtype=\"https:\/\/schema.org\/ImageGallery\"><\/div>\n<ul>\n<li style=\"list-style-type: none;\">\n<ul>\n<li style=\"list-style-type: none;\">\n<ul>\n<li><strong>Plaza de la Secuoya<\/strong><\/li>\n<\/ul>\n<\/li>\n<\/ul>\n<\/li>\n<\/ul>\n<p>La Plaza de la Secuoya es un espacio exterior que tiene la peculiaridad de albergar un hotel de insectos. Es apta para actividades como aperitivos y copas de bienvenida.<\/p>\n<p><a href=\"https:\/\/museuciencies.cat\/wp-content\/uploads\/2019\/05\/PLAZA-DE-LA-SECUOYA-ES.pdf\" target=\"_blank\" rel=\"noopener noreferrer\">Ficha espacio<\/a><br \/>\n<span style=\"color: #000000;\"> <a style=\"color: #000000;\" href=\"https:\/\/museuciencies.cat\/wp-content\/uploads\/2019\/05\/PLAZA-DE-LA-SECUOYA-ES.pdf\">Plano<\/a><\/span><\/p>\n<p class=\"jetpack-slideshow-noscript robots-nocontent\">El pase de diapositivas requiere JavaScript.<\/p><div id=\"gallery-20090-7-slideshow\" class=\"jetpack-slideshow-window jetpack-slideshow jetpack-slideshow-black\" data-trans=\"fade\" data-autostart=\"1\" data-gallery=\"[{&quot;src&quot;:&quot;https:\\\/\\\/museuciencies.cat\\\/wp-content\\\/uploads\\\/Placa_sequoia_5-1024x767.jpg&quot;,&quot;id&quot;:&quot;20005&quot;,&quot;title&quot;:&quot;Placa_sequoia_5-1024\\u0026#215;767&quot;,&quot;alt&quot;:&quot;&quot;,&quot;caption&quot;:&quot;Plaza de la Secuoia del Jard\\u00ed Bot\\u00e0nic. Foto: museuciencies&quot;,&quot;itemprop&quot;:&quot;image&quot;},{&quot;src&quot;:&quot;https:\\\/\\\/museuciencies.cat\\\/wp-content\\\/uploads\\\/Placa_sequoia_3-615x410.jpg&quot;,&quot;id&quot;:&quot;20013&quot;,&quot;title&quot;:&quot;Placa_sequoia_3-615\\u0026#215;410&quot;,&quot;alt&quot;:&quot;&quot;,&quot;caption&quot;:&quot;Plaza de la Secuoia del Jard\\u00ed Bot\\u00e0nic. Foto: museuciencies&quot;,&quot;itemprop&quot;:&quot;image&quot;},{&quot;src&quot;:&quot;https:\\\/\\\/museuciencies.cat\\\/wp-content\\\/uploads\\\/Placa_sequoia_2-1024x768.jpg&quot;,&quot;id&quot;:&quot;20017&quot;,&quot;title&quot;:&quot;Placa_sequoia_2-1024\\u0026#215;768&quot;,&quot;alt&quot;:&quot;&quot;,&quot;caption&quot;:&quot;Plaza de la Secuoia del Jard\\u00ed Bot\\u00e0nic. Foto: museuciencies&quot;,&quot;itemprop&quot;:&quot;image&quot;}]\" itemscope itemtype=\"https:\/\/schema.org\/ImageGallery\"><\/div>\n<ul>\n<li style=\"list-style-type: none;\">\n<ul>\n<li style=\"list-style-type: none;\">\n<ul>\n<li><strong>Plaza de los Voluntarios<\/strong><\/li>\n<\/ul>\n<\/li>\n<\/ul>\n<\/li>\n<\/ul>\n<p>La Plaza de los Voluntarios es un espacio exterior con vistas panor\u00e1micas a la ciudad de Barcelona. Es apto para actividades como aperitivos, copas de bienvenda.<\/p>\n<p><a href=\"https:\/\/museuciencies.cat\/wp-content\/uploads\/2019\/05\/PLAZA-DE-LOS-VOLUNTARIOS-ES.pdf\" target=\"_blank\" rel=\"noopener noreferrer\">Ficha espacio<\/a><br \/>\n<span style=\"color: #000000;\"> <a style=\"color: #000000;\" href=\"https:\/\/museuciencies.cat\/wp-content\/uploads\/2019\/05\/Plaza-de-los-Voluntarios-ES.pdf\" target=\"_blank\" rel=\"noopener noreferrer\">Plano<\/a><\/span><\/p>\n<p class=\"jetpack-slideshow-noscript robots-nocontent\">El pase de diapositivas requiere JavaScript.<\/p><div id=\"gallery-20090-8-slideshow\" class=\"jetpack-slideshow-window jetpack-slideshow jetpack-slideshow-black\" data-trans=\"fade\" data-autostart=\"1\" data-gallery=\"[{&quot;src&quot;:&quot;https:\\\/\\\/museuciencies.cat\\\/wp-content\\\/uploads\\\/Placa_voluntaris_8-1024x682.jpg&quot;,&quot;id&quot;:&quot;20027&quot;,&quot;title&quot;:&quot;Placa_voluntaris_8-1024\\u0026#215;682&quot;,&quot;alt&quot;:&quot;&quot;,&quot;caption&quot;:&quot;Plaza de los Voluntarios del Jard\\u00ed Bot\\u00e0nic. Foto: museuciencies&quot;,&quot;itemprop&quot;:&quot;image&quot;},{&quot;src&quot;:&quot;https:\\\/\\\/museuciencies.cat\\\/wp-content\\\/uploads\\\/Placa_voluntaris_6-1024x682.jpg&quot;,&quot;id&quot;:&quot;20035&quot;,&quot;title&quot;:&quot;Placa_voluntaris_6-1024\\u0026#215;682&quot;,&quot;alt&quot;:&quot;&quot;,&quot;caption&quot;:&quot;Plaza de los Voluntarios del Jard\\u00ed Bot\\u00e0nic. Foto: museuciencies&quot;,&quot;itemprop&quot;:&quot;image&quot;},{&quot;src&quot;:&quot;https:\\\/\\\/museuciencies.cat\\\/wp-content\\\/uploads\\\/Placa_voluntaris_1-1024x682.jpg&quot;,&quot;id&quot;:&quot;20055&quot;,&quot;title&quot;:&quot;Placa_voluntaris_1-1024\\u0026#215;682&quot;,&quot;alt&quot;:&quot;&quot;,&quot;caption&quot;:&quot;Plaza de los Voluntarios del Jard\\u00ed Bot\\u00e0nic. Foto: museuciencies&quot;,&quot;itemprop&quot;:&quot;image&quot;}]\" itemscope itemtype=\"https:\/\/schema.org\/ImageGallery\"><\/div>\n<ul>\n<li style=\"list-style-type: none;\">\n<ul>\n<li style=\"list-style-type: none;\">\n<ul>\n<li>\u00a0<strong>Zona del Estanque<\/strong><\/li>\n<\/ul>\n<\/li>\n<\/ul>\n<\/li>\n<\/ul>\n<p>La Zona del Estanque es un espacio exterior que destaca por su geometr\u00eda y belleza del conjunto. Est\u00e1 ubicado al lado de la entrada del jard\u00edn y su principal protagonista es el estanque, que se encuentra atravesado por una pasarela de madera en toda su longitud. Es apto para actividades como aperitivos, copas de bienvenida, c\u00f3cteles de pie y peque\u00f1os conciertos y actuaciones.<\/p>\n<p><a href=\"https:\/\/museuciencies.cat\/wp-content\/uploads\/2019\/05\/ZONA-DEL-ESTANQUE-ES.pdf\" target=\"_blank\" rel=\"noopener noreferrer\">Ficha espacio<\/a><br \/>\n<span style=\"color: #000000;\"> <a style=\"color: #000000;\" href=\"https:\/\/museuciencies.cat\/wp-content\/uploads\/2019\/05\/Zona-del-Estanque-ES.pdf\" target=\"_blank\" rel=\"noopener noreferrer\">Plano<\/a><\/span><\/p>\n<p class=\"jetpack-slideshow-noscript robots-nocontent\">El pase de diapositivas requiere JavaScript.<\/p><div id=\"gallery-20090-9-slideshow\" class=\"jetpack-slideshow-window jetpack-slideshow jetpack-slideshow-black\" data-trans=\"fade\" data-autostart=\"1\" data-gallery=\"[{&quot;src&quot;:&quot;https:\\\/\\\/museuciencies.cat\\\/wp-content\\\/uploads\\\/ZONA_ESTANY_6-1024x682.jpg&quot;,&quot;id&quot;:&quot;20067&quot;,&quot;title&quot;:&quot;ZONA_ESTANY_6-1024\\u0026#215;682&quot;,&quot;alt&quot;:&quot;&quot;,&quot;caption&quot;:&quot;Zona del Estanque del Jard\\u00ed Bot\\u00e0nic. Foto: museuciencies&quot;,&quot;itemprop&quot;:&quot;image&quot;},{&quot;src&quot;:&quot;https:\\\/\\\/museuciencies.cat\\\/wp-content\\\/uploads\\\/ZONA_ESTANY_4-1024x682.jpg&quot;,&quot;id&quot;:&quot;20075&quot;,&quot;title&quot;:&quot;ZONA_ESTANY_4-1024\\u0026#215;682&quot;,&quot;alt&quot;:&quot;&quot;,&quot;caption&quot;:&quot;Zona del Estanque del Jard\\u00ed Bot\\u00e0nic. Foto: museuciencies&quot;,&quot;itemprop&quot;:&quot;image&quot;},{&quot;src&quot;:&quot;https:\\\/\\\/museuciencies.cat\\\/wp-content\\\/uploads\\\/ZONA_ESTANY_2-1024x682.jpg&quot;,&quot;id&quot;:&quot;20084&quot;,&quot;title&quot;:&quot;ZONA_ESTANY_2-1024\\u0026#215;682&quot;,&quot;alt&quot;:&quot;&quot;,&quot;caption&quot;:&quot;Zona del Estanque del Jard\\u00ed Bot\\u00e0nic. Foto: museuciencies&quot;,&quot;itemprop&quot;:&quot;image&quot;}]\" itemscope itemtype=\"https:\/\/schema.org\/ImageGallery\"><\/div>\n<ul>\n<li><strong>Otros espacios:<br \/>\n<\/strong>Aptos para sesiones fotogr\u00e1ficas y f\u00edlmicas.<\/li>\n<\/ul>\n<ul>\n<li style=\"list-style-type: none;\">\n<ul>\n<li style=\"list-style-type: none;\">\n<ul>\n<li><strong><strong>Aula Gaia<br \/>\n<\/strong><\/strong><p class=\"jetpack-slideshow-noscript robots-nocontent\">El pase de diapositivas requiere JavaScript.<\/p><div id=\"gallery-20090-10-slideshow\" class=\"jetpack-slideshow-window jetpack-slideshow jetpack-slideshow-black\" data-trans=\"fade\" data-autostart=\"1\" data-gallery=\"[{&quot;src&quot;:&quot;https:\\\/\\\/museuciencies.cat\\\/wp-content\\\/uploads\\\/2022\\\/06\\\/Museu-Ciencies_Lloguer-espais-23-scaled.jpg&quot;,&quot;id&quot;:&quot;91488&quot;,&quot;title&quot;:&quot;Museu Ciencies_Lloguer espais 23&quot;,&quot;alt&quot;:&quot;Aula Gaia zona ofici&quot;,&quot;caption&quot;:&quot;Imatge de JMdeLlobet\\\/museuciencies&quot;,&quot;itemprop&quot;:&quot;image&quot;},{&quot;src&quot;:&quot;https:\\\/\\\/museuciencies.cat\\\/wp-content\\\/uploads\\\/2022\\\/06\\\/Museu-Ciencies_Lloguer-espais-22-scaled.jpg&quot;,&quot;id&quot;:&quot;91492&quot;,&quot;title&quot;:&quot;Museu Ciencies_Lloguer espais 22&quot;,&quot;alt&quot;:&quot;&quot;,&quot;caption&quot;:&quot;Imatge de JMdeLlobet\\\/museuciencies&quot;,&quot;itemprop&quot;:&quot;image&quot;}]\" itemscope itemtype=\"https:\/\/schema.org\/ImageGallery\"><\/div><\/li>\n<li><strong><strong>Rotonda<br \/>\n<\/strong><\/strong><p class=\"jetpack-slideshow-noscript robots-nocontent\">El pase de diapositivas requiere JavaScript.<\/p><div id=\"gallery-20090-11-slideshow\" class=\"jetpack-slideshow-window jetpack-slideshow jetpack-slideshow-black\" data-trans=\"fade\" data-autostart=\"1\" data-gallery=\"[{&quot;src&quot;:&quot;https:\\\/\\\/museuciencies.cat\\\/wp-content\\\/uploads\\\/2022\\\/06\\\/Museu-Ciencies_Lloguer-espais-21-scaled.jpg&quot;,&quot;id&quot;:&quot;91496&quot;,&quot;title&quot;:&quot;Museu Ciencies_Lloguer espais 21&quot;,&quot;alt&quot;:&quot;Rotonda pla\\u00e7a oficines Jard\\u00ed Bot\\u00e0nic de Barcelona&quot;,&quot;caption&quot;:&quot;Imatge de JmdeLlobet\\\/museuciencies&quot;,&quot;itemprop&quot;:&quot;image&quot;},{&quot;src&quot;:&quot;https:\\\/\\\/museuciencies.cat\\\/wp-content\\\/uploads\\\/2022\\\/06\\\/Museu-Ciencies_Lloguer-espais-25-scaled.jpg&quot;,&quot;id&quot;:&quot;91500&quot;,&quot;title&quot;:&quot;Museu Ciencies_Lloguer espais 25&quot;,&quot;alt&quot;:&quot;Rotonda pla\\u00e7a oficines Jard\\u00ed Bot\\u00e0nic de Barcelona&quot;,&quot;caption&quot;:&quot;Imatge de JmdeLlobet\\\/museuciencies&quot;,&quot;itemprop&quot;:&quot;image&quot;},{&quot;src&quot;:&quot;https:\\\/\\\/museuciencies.cat\\\/wp-content\\\/uploads\\\/2022\\\/06\\\/Museu-Ciencies_Lloguer-espais-27-scaled.jpg&quot;,&quot;id&quot;:&quot;91504&quot;,&quot;title&quot;:&quot;Museu Ciencies_Lloguer espais 27&quot;,&quot;alt&quot;:&quot;Rotonda pla\\u00e7a oficines Jard\\u00ed Bot\\u00e0nic de Barcelona&quot;,&quot;caption&quot;:&quot;Imatge de JmdeLlobet\\\/museuciencies&quot;,&quot;itemprop&quot;:&quot;image&quot;},{&quot;src&quot;:&quot;https:\\\/\\\/museuciencies.cat\\\/wp-content\\\/uploads\\\/2022\\\/06\\\/Museu-Ciencies_Lloguer-espais-18-scaled.jpg&quot;,&quot;id&quot;:&quot;91508&quot;,&quot;title&quot;:&quot;Museu Ciencies_Lloguer espais 18&quot;,&quot;alt&quot;:&quot;Rotonda pla\\u00e7a oficines Jard\\u00ed Bot\\u00e0nic de Barcelona&quot;,&quot;caption&quot;:&quot;Imatge de JmdeLlobet\\\/museuciencies&quot;,&quot;itemprop&quot;:&quot;image&quot;},{&quot;src&quot;:&quot;https:\\\/\\\/museuciencies.cat\\\/wp-content\\\/uploads\\\/2022\\\/06\\\/Museu-Ciencies_Lloguer-espais-19-scaled.jpg&quot;,&quot;id&quot;:&quot;91512&quot;,&quot;title&quot;:&quot;Museu Ciencies_Lloguer espais 19&quot;,&quot;alt&quot;:&quot;Rotonda pla\\u00e7a oficines Jard\\u00ed Bot\\u00e0nic de Barcelona&quot;,&quot;caption&quot;:&quot;Imatge de JmdeLlobet\\\/museuciencies&quot;,&quot;itemprop&quot;:&quot;image&quot;}]\" itemscope itemtype=\"https:\/\/schema.org\/ImageGallery\"><\/div><\/li>\n<li><strong><strong>Vivero:<br \/>\n<\/strong><\/strong><p class=\"jetpack-slideshow-noscript robots-nocontent\">El pase de diapositivas requiere JavaScript.<\/p><div id=\"gallery-20090-12-slideshow\" class=\"jetpack-slideshow-window jetpack-slideshow jetpack-slideshow-black\" data-trans=\"fade\" data-autostart=\"1\" data-gallery=\"[{&quot;src&quot;:&quot;https:\\\/\\\/museuciencies.cat\\\/wp-content\\\/uploads\\\/2022\\\/06\\\/Museu-Ciencies_Lloguer-espais-32-scaled.jpg&quot;,&quot;id&quot;:&quot;91516&quot;,&quot;title&quot;:&quot;Museu Ciencies_Lloguer espais 32&quot;,&quot;alt&quot;:&quot;Vi&quot;,&quot;caption&quot;:&quot;Imatge de JMdeLlobet\\\/museuciencies&quot;,&quot;itemprop&quot;:&quot;image&quot;},{&quot;src&quot;:&quot;https:\\\/\\\/museuciencies.cat\\\/wp-content\\\/uploads\\\/2022\\\/06\\\/Museu-Ciencies_Lloguer-espais-37-scaled.jpg&quot;,&quot;id&quot;:&quot;91520&quot;,&quot;title&quot;:&quot;Museu Ciencies_Lloguer espais 37&quot;,&quot;alt&quot;:&quot;Viver Jard\\u00ed Bot\\u00e0nic de Barcelona&quot;,&quot;caption&quot;:&quot;Imatge de JMdeLlobet\\\/museuciencies&quot;,&quot;itemprop&quot;:&quot;image&quot;}]\" itemscope itemtype=\"https:\/\/schema.org\/ImageGallery\"><\/div><\/li>\n<li><strong><strong>Colecci\u00f3n de Bonsai:<br \/>\n<\/strong><\/strong><p class=\"jetpack-slideshow-noscript robots-nocontent\">El pase de diapositivas requiere JavaScript.<\/p><div id=\"gallery-20090-13-slideshow\" class=\"jetpack-slideshow-window jetpack-slideshow jetpack-slideshow-black\" data-trans=\"fade\" data-autostart=\"1\" data-gallery=\"[{&quot;src&quot;:&quot;https:\\\/\\\/museuciencies.cat\\\/wp-content\\\/uploads\\\/2022\\\/06\\\/Museu-Ciencies_Lloguer-espais-29-scaled.jpg&quot;,&quot;id&quot;:&quot;91524&quot;,&quot;title&quot;:&quot;Museu Ciencies_Lloguer espais 29&quot;,&quot;alt&quot;:&quot;Col\\u00b7lecci\\u00f3 de Bonsai JBB&quot;,&quot;caption&quot;:&quot;Imatge de JMdeLlobet\\\/museuciencies&quot;,&quot;itemprop&quot;:&quot;image&quot;},{&quot;src&quot;:&quot;https:\\\/\\\/museuciencies.cat\\\/wp-content\\\/uploads\\\/2022\\\/06\\\/Museu-Ciencies_Lloguer-espais-31-scaled.jpg&quot;,&quot;id&quot;:&quot;91528&quot;,&quot;title&quot;:&quot;Museu Ciencies_Lloguer espais 31&quot;,&quot;alt&quot;:&quot;Col\\u00b7lecci\\u00f3 de Bonsai JBB&quot;,&quot;caption&quot;:&quot;Imatge de JMdeLlobet\\\/museuciencies&quot;,&quot;itemprop&quot;:&quot;image&quot;}]\" itemscope itemtype=\"https:\/\/schema.org\/ImageGallery\"><\/div><\/p>\n<p><strong><br \/>\n<\/strong><\/li>\n<\/ul>\n<\/li>\n<\/ul>\n<\/li>\n<\/ul>\n","protected":false},"excerpt":{"rendered":"<p>El Museo ofrece los espacios que a continuaci\u00f3n se detallan. Su disponibilidad est\u00e1 siempre condicionada a la actividad p\u00fablica y regulada por la normativa del Consorci del Museu de Ci\u00e8ncies Naturals de Barcelona. Contacto:\u00a0Gesti\u00f3n y alquiler de espacios. E-mail: rree@bcn.cat Horario de atenci\u00f3n: de lunes a viernes de 8 a 14h Museu de Ci\u00e8ncies Naturals [&hellip;]<\/p>\n","protected":false},"author":2,"featured_media":0,"parent":45430,"menu_order":18,"comment_status":"closed","ping_status":"closed","template":"","meta":{"_acf_changed":false,"footnotes":""},"class_list":["post-20090","page","type-page","status-publish","hentry"],"acf":{"activeu_alerta":false,"arxius_adjunts":false,"boto_de_link_o_mail":false,"imatge_llistat":false,"img_cap":5817,"links_associats":false,"nou_carrusel":false,"presenta_fills":"no","tambe_us_pot_interessar":"","text_alerta":"","presenta_peu":false,"segona_part":""},"jetpack_sharing_enabled":true,"_links":{"self":[{"href":"https:\/\/museuciencies.cat\/es\/wp-json\/wp\/v2\/pages\/20090","targetHints":{"allow":["GET"]}}],"collection":[{"href":"https:\/\/museuciencies.cat\/es\/wp-json\/wp\/v2\/pages"}],"about":[{"href":"https:\/\/museuciencies.cat\/es\/wp-json\/wp\/v2\/types\/page"}],"author":[{"embeddable":true,"href":"https:\/\/museuciencies.cat\/es\/wp-json\/wp\/v2\/users\/2"}],"replies":[{"embeddable":true,"href":"https:\/\/museuciencies.cat\/es\/wp-json\/wp\/v2\/comments?post=20090"}],"version-history":[{"count":3,"href":"https:\/\/museuciencies.cat\/es\/wp-json\/wp\/v2\/pages\/20090\/revisions"}],"predecessor-version":[{"id":111750,"href":"https:\/\/museuciencies.cat\/es\/wp-json\/wp\/v2\/pages\/20090\/revisions\/111750"}],"up":[{"embeddable":true,"href":"https:\/\/museuciencies.cat\/es\/wp-json\/wp\/v2\/pages\/45430"}],"wp:attachment":[{"href":"https:\/\/museuciencies.cat\/es\/wp-json\/wp\/v2\/media?parent=20090"}],"curies":[{"name":"wp","href":"https:\/\/api.w.org\/{rel}","templated":true}]}}