{"id":19563,"date":"2014-05-12T13:53:53","date_gmt":"2014-05-12T13:53:53","guid":{"rendered":"http:\/\/museuciencies.cat\/area-cientifica\/linies-de-recerca\/diversitat-natural\/ecologia-de-vertebrats\/"},"modified":"2022-10-31T13:17:52","modified_gmt":"2022-10-31T11:17:52","slug":"ecologia-de-vertebrados","status":"publish","type":"page","link":"https:\/\/museuciencies.cat\/es\/area-cientifica\/lineas-de-investigacion\/diversidad-natural\/ecologia-de-vertebrados\/","title":{"rendered":"Ecolog\u00eda de vertebrados"},"content":{"rendered":"<p>La generaci\u00f3n de conocimiento sobre la ecolog\u00eda y la biolog\u00eda de los vertebrados es un elemento fundamental de la actividad del <strong>Laboratorio de Vertebrados<\/strong>, por lo que los integrantes de esta \u00e1rea participan o lideran otros proyectos sobre ecolog\u00eda de aves (Javier Quesada) y ecolog\u00eda de reptiles (Eul\u00e0lia Garcia).<\/p>\n<p><strong>Ecolog\u00eda evolutiva y aplicada de aves: <\/strong>esta l\u00ednea de investigaci\u00f3n tiene dos vertientes. Por una parte, trabaja sobre la ecolog\u00eda del comportamiento a trav\u00e9s de las se\u00f1ales comunicativas del plumaje de aves a trav\u00e9s de procesos de selecci\u00f3n sexual y social y su aplicaci\u00f3n a problemas ambientales reales como, por ejemplo, el desarrollo de bioindicadores.\u00a0 Otra l\u00ednea \u00a0tiene una vertiente\u00a0 m\u00e1s aplicada que trata de comprender c\u00f3mo est\u00e1n afectando los procesos de perturbaci\u00f3n humana y cambio global (urbanizaci\u00f3n e introducci\u00f3n de especies ex\u00f3ticas) a las comunidades de aves\u00a0y a especies concretas como el gorri\u00f3n com\u00fan. (Investigador responsable: Javier Quesada.)<\/p>\n<p>Otras l\u00edneas de investigaci\u00f3n est\u00e1n asociadas a la biolog\u00eda de peces (<strong>Ictiolog\u00eda<\/strong>) (investigador responsable: Josep Escribano), distribuci\u00f3n, abundancia y aspectos de la biolog\u00eda de reptiles y anfibios (<strong>Herpetolog\u00eda<\/strong>) (investigador responsable: Alejandro Garcia-Salmer\u00f3n) y tambi\u00e9n\u00a0 de\u00a0 <strong>Arqueozoolog\u00eda<\/strong>, que interpreta los restos f\u00f3siles de aves no paseriformes encontrados en yacimientos de Catalu\u00f1a. (Investigador responsable: Llu\u00eds Garcia-Petit.)<\/p>\n","protected":false},"excerpt":{"rendered":"<p>La generaci\u00f3n de conocimiento sobre la ecolog\u00eda y la biolog\u00eda de los vertebrados es un elemento fundamental de la actividad del Laboratorio de Vertebrados, por lo que los integrantes de esta \u00e1rea participan o lideran otros proyectos sobre ecolog\u00eda de aves (Javier Quesada) y ecolog\u00eda de reptiles (Eul\u00e0lia Garcia). Ecolog\u00eda evolutiva y aplicada de aves: [&hellip;]<\/p>\n","protected":false},"author":2,"featured_media":0,"parent":15191,"menu_order":116,"comment_status":"closed","ping_status":"closed","template":"page-fills-programes-recerca.php","meta":{"_acf_changed":false,"footnotes":""},"class_list":["post-19563","page","type-page","status-publish","hentry"],"acf":{"activeu_alerta":false,"arxius_adjunts":false,"boto_de_link_o_mail":false,"imatge_llistat":false,"img_cap":7421,"links_associats":false,"llistat_projectes":[{"titol":"PASSER-CAT: Biolog\u00eda de la conservaci\u00f3n de una especie en declive: el gorri\u00f3n com\u00fan","any":"2011","responsable":[{"ID":18550,"post_author":"3","post_date":"2014-05-12 17:28:48","post_date_gmt":"2014-05-12 17:28:48","post_content":"","post_title":"Javier Quesada","post_excerpt":"","post_status":"publish","comment_status":"closed","ping_status":"closed","post_password":"","post_name":"javier-quesada","to_ping":"","pinged":"","post_modified":"2024-11-20 14:51:14","post_modified_gmt":"2024-11-20 12:51:14","post_content_filtered":"","post_parent":0,"guid":"http:\/\/museuciencies.cat\/equip-huma\/javier-quesada-2\/","menu_order":29,"post_type":"equip-huma","post_mime_type":"","comment_count":"0","filter":"raw"}],"financament":"Museu de Ci\u00e8ncies Naturals de Barcelona; Fundaci\u00f3n Barcelona Zoo","durada":"2011-presente","descripcio":"<p>El objetivo de este proyecto es estudiar la din\u00e1mica poblacional y determinar los factores que explican el descenso que el gorri\u00f3n com\u00fan (<em>Passer domesticus<\/em>) est\u00e1 sufriendo en Catalu\u00f1a, especialmente en las zonas urbanas, para poder dar soluciones a los gestores.<\/p>\n<p>Es un proyecto propio del Museo cofinanciado por la Fundaci\u00f3n Barcelona Zoo, dentro de la l\u00ednea de estudios sobre diversidad. Colaboran en el mismo el Instituto Catal\u00e1n de Ornitolog\u00eda y el \u00c1rea de Medio Ambiente del Ayuntamiento de Barcelona.<\/p>\n","documents_adjunts":false},{"titol":"An\u00e1lisis espacio-temporal de la diversidad gen\u00e9tica del gorri\u00f3n com\u00fan en ambientes mediterr\u00e1neos","any":"2014","responsable":[{"ID":18550,"post_author":"3","post_date":"2014-05-12 17:28:48","post_date_gmt":"2014-05-12 17:28:48","post_content":"","post_title":"Javier Quesada","post_excerpt":"","post_status":"publish","comment_status":"closed","ping_status":"closed","post_password":"","post_name":"javier-quesada","to_ping":"","pinged":"","post_modified":"2024-11-20 14:51:14","post_modified_gmt":"2024-11-20 12:51:14","post_content_filtered":"","post_parent":0,"guid":"http:\/\/museuciencies.cat\/equip-huma\/javier-quesada-2\/","menu_order":29,"post_type":"equip-huma","post_mime_type":"","comment_count":"0","filter":"raw"}],"financament":"Museu de Ci\u00e8ncies Naturals de Barcelona; Fundaci\u00f3n Barcelona Zoo","durada":"2014-2015","descripcio":"<p>El principal objetivo de la acci\u00f3n PASSERCAT-4 es realizar una primera aproximaci\u00f3n para determinar:<\/p>\n<ol>\n<li>Si se ha producido un descenso de la diversidad gen\u00e9tica a lo largo del tiempo y el espacio en las poblaciones mediterr\u00e1neas urbanas y rurales de esta especie.<\/li>\n<li>Averiguar qu\u00e9 mecanismo ha podido determinar el posible descenso de la diversidad gen\u00e9tica, potencialmente debida a descensos de las poblacionales, fragmentaci\u00f3n y aislamiento, que aceleran la p\u00e9rdida de diversidad gen\u00e9tica por deriva gen\u00e9tica y consanguinidad.<\/li>\n<\/ol>\n<p>Investigadores: Javier Quesada; Roc\u00edo P\u00e9rez-Portela.<\/p>\n","documents_adjunts":false},{"titol":"UC-MEXUS: House Sparrows in native vs. non-native habitats: direct and indirect effects on avian diversity and density","any":"2013","responsable":[{"ID":18550,"post_author":"3","post_date":"2014-05-12 17:28:48","post_date_gmt":"2014-05-12 17:28:48","post_content":"","post_title":"Javier Quesada","post_excerpt":"","post_status":"publish","comment_status":"closed","ping_status":"closed","post_password":"","post_name":"javier-quesada","to_ping":"","pinged":"","post_modified":"2024-11-20 14:51:14","post_modified_gmt":"2024-11-20 12:51:14","post_content_filtered":"","post_parent":0,"guid":"http:\/\/museuciencies.cat\/equip-huma\/javier-quesada-2\/","menu_order":29,"post_type":"equip-huma","post_mime_type":"","comment_count":"0","filter":"raw"}],"financament":"Universidad de California","durada":"2013-2014","descripcio":"<p>El principal objetivo de este proyecto es evaluar los factores que determinan que el gorri\u00f3n com\u00fan sea una especie invasora de \u00e9xito y en qu\u00e9 condiciones representa una amenaza para las comunidades de aves nativas de Am\u00e9rica del Norte. Particularmente nos concentraremos en:<\/p>\n<ol>\n<li>Estimar la densidad de gorriones comunes en gradientes urbanos-agr\u00edcolas de Los \u00c1ngeles, M\u00e9xico DF y Barcelona.<\/li>\n<li>Estudiar aspectos de la personalidad de los gorriones comunes en gradientes urbanos-agr\u00edcolas de las tres ciudades.<\/li>\n<li>Evaluar el efecto de la presencia y densidad del gorri\u00f3n com\u00fan y su relaci\u00f3n con la diversidad de las comunidades de aves nativas.<\/li>\n<\/ol>\n<p>El proyecto est\u00e1 participado por el Museo y por investigadores de la Universidad de California (UCLA), Estados Unidos, y el Instituto de Ecolog\u00eda de Xalapa, M\u00e9xico.<\/p>\n<p>Investigadores:\u00a0 Ian Macgregor-Fors, Pamela Yeh y Javier Quesada.<\/p>\n","documents_adjunts":false},{"titol":"Local adaptation and sexual selection: personality, plumage coloration and bird song as model","any":"2013","responsable":[{"ID":18522,"post_author":"3","post_date":"2014-05-12 17:59:20","post_date_gmt":"2014-05-12 17:59:20","post_content":"","post_title":"Joan Carles Senar","post_excerpt":"","post_status":"publish","comment_status":"closed","ping_status":"closed","post_password":"","post_name":"joan-carles-senar","to_ping":"","pinged":"","post_modified":"2024-08-29 12:59:21","post_modified_gmt":"2024-08-29 10:59:21","post_content_filtered":"","post_parent":0,"guid":"http:\/\/museuciencies.cat\/equip-huma\/joan-carles-senar-2\/","menu_order":29,"post_type":"equip-huma","post_mime_type":"","comment_count":"0","filter":"raw"},{"ID":18550,"post_author":"3","post_date":"2014-05-12 17:28:48","post_date_gmt":"2014-05-12 17:28:48","post_content":"","post_title":"Javier Quesada","post_excerpt":"","post_status":"publish","comment_status":"closed","ping_status":"closed","post_password":"","post_name":"javier-quesada","to_ping":"","pinged":"","post_modified":"2024-11-20 14:51:14","post_modified_gmt":"2024-11-20 12:51:14","post_content_filtered":"","post_parent":0,"guid":"http:\/\/museuciencies.cat\/equip-huma\/javier-quesada-2\/","menu_order":29,"post_type":"equip-huma","post_mime_type":"","comment_count":"0","filter":"raw"}],"financament":"Ministerio de Econom\u00eda y Competitividad ","durada":"2012-2015","descripcio":"<p>Actualmente, el \u00e1rea de cordados est\u00e1 colaborando en este proyecto del Museo, uno de cuyos principales objetivos es adoptar una perspectiva integradora para incorporar tanto las interacciones ecol\u00f3gicas como la selecci\u00f3n sexual al an\u00e1lisis de los procesos de adaptaci\u00f3n.<\/p>\n","documents_adjunts":false},{"titol":"Sexado de esqueletos de rapaces nocturnas mediante el empleo de funciones discriminantes y t\u00e9cnicas moleculares","any":"2012","responsable":[{"ID":18550,"post_author":"3","post_date":"2014-05-12 17:28:48","post_date_gmt":"2014-05-12 17:28:48","post_content":"","post_title":"Javier Quesada","post_excerpt":"","post_status":"publish","comment_status":"closed","ping_status":"closed","post_password":"","post_name":"javier-quesada","to_ping":"","pinged":"","post_modified":"2024-11-20 14:51:14","post_modified_gmt":"2024-11-20 12:51:14","post_content_filtered":"","post_parent":0,"guid":"http:\/\/museuciencies.cat\/equip-huma\/javier-quesada-2\/","menu_order":29,"post_type":"equip-huma","post_mime_type":"","comment_count":"0","filter":"raw"}],"financament":"Museu de Ci\u00e8ncies Naturals de Barcelona","durada":"2013-presente","descripcio":"<p>El sexado mediante t\u00e9cnicas moleculares nos permite asignar fielmente el sexo a espec\u00edmenes de los que tenemos el esqueleto. El objetivo de este proyecto es realizar un an\u00e1lisis biom\u00e9trico de los huesos de los ejemplares analizados para poder predecir el sexo del individuo a partir de sus medidas biom\u00e9tricas \u00f3seas.<\/p>\n<p>Investigadores: Javier Quesada y Olga Boet.<\/p>\n","documents_adjunts":false}],"nou_carrusel":false,"presenta_fills":"no","tambe_us_pot_interessar":"","text_alerta":"","presenta_peu":false},"jetpack_sharing_enabled":true,"_links":{"self":[{"href":"https:\/\/museuciencies.cat\/es\/wp-json\/wp\/v2\/pages\/19563","targetHints":{"allow":["GET"]}}],"collection":[{"href":"https:\/\/museuciencies.cat\/es\/wp-json\/wp\/v2\/pages"}],"about":[{"href":"https:\/\/museuciencies.cat\/es\/wp-json\/wp\/v2\/types\/page"}],"author":[{"embeddable":true,"href":"https:\/\/museuciencies.cat\/es\/wp-json\/wp\/v2\/users\/2"}],"replies":[{"embeddable":true,"href":"https:\/\/museuciencies.cat\/es\/wp-json\/wp\/v2\/comments?post=19563"}],"version-history":[{"count":0,"href":"https:\/\/museuciencies.cat\/es\/wp-json\/wp\/v2\/pages\/19563\/revisions"}],"up":[{"embeddable":true,"href":"https:\/\/museuciencies.cat\/es\/wp-json\/wp\/v2\/pages\/15191"}],"wp:attachment":[{"href":"https:\/\/museuciencies.cat\/es\/wp-json\/wp\/v2\/media?parent=19563"}],"curies":[{"name":"wp","href":"https:\/\/api.w.org\/{rel}","templated":true}]}}