{"id":18132,"date":"2014-01-31T09:32:27","date_gmt":"2014-01-31T09:32:27","guid":{"rendered":"http:\/\/museuciencies.cat\/area-cientifica\/departaments-cientifics\/ecologia-evolutiva-2\/"},"modified":"2021-12-16T14:10:16","modified_gmt":"2021-12-16T13:10:16","slug":"ecologia-evolutiva-y-de-la-conducta","status":"publish","type":"page","link":"https:\/\/museuciencies.cat\/es\/area-cientifica\/departamentos-cientificos\/ecologia-evolutiva-y-de-la-conducta\/","title":{"rendered":"Ecolog\u00eda Evolutiva y de la Conducta"},"content":{"rendered":"<p>El grupo de Ecolog\u00eda Evolutiva y de la Conducta del Museo trabaja desde principios de los a\u00f1os ochenta en aspectos de organizaci\u00f3n social, ecolog\u00eda y din\u00e1mica de poblaciones.<\/p>\n","protected":false},"excerpt":{"rendered":"<p>El grupo de Ecolog\u00eda Evolutiva y de la Conducta del Museo trabaja desde principios de los a\u00f1os ochenta en aspectos de organizaci\u00f3n social, ecolog\u00eda y din\u00e1mica de poblaciones.<\/p>\n","protected":false},"author":2,"featured_media":0,"parent":12829,"menu_order":219,"comment_status":"closed","ping_status":"closed","template":"page-fills-departaments-cientifics.php","meta":{"_acf_changed":false,"footnotes":""},"class_list":["post-18132","page","type-page","status-publish","hentry"],"acf":{"activeu_alerta":false,"arxius_adjunts":false,"boto_de_link_o_mail":false,"descripcio":"","imatge_llistat":false,"img_cap":7621,"links_associats":false,"llista_equip_museu":[{"ID":18522,"post_author":"3","post_date":"2014-05-12 17:59:20","post_date_gmt":"2014-05-12 17:59:20","post_content":"","post_title":"Joan Carles Senar","post_excerpt":"","post_status":"publish","comment_status":"closed","ping_status":"closed","post_password":"","post_name":"joan-carles-senar","to_ping":"","pinged":"","post_modified":"2024-08-29 12:59:21","post_modified_gmt":"2024-08-29 10:59:21","post_content_filtered":"","post_parent":0,"guid":"http:\/\/museuciencies.cat\/equip-huma\/joan-carles-senar-2\/","menu_order":29,"post_type":"equip-huma","post_mime_type":"","comment_count":"0","filter":"raw"},{"ID":18550,"post_author":"3","post_date":"2014-05-12 17:28:48","post_date_gmt":"2014-05-12 17:28:48","post_content":"","post_title":"Javier Quesada","post_excerpt":"","post_status":"publish","comment_status":"closed","ping_status":"closed","post_password":"","post_name":"javier-quesada","to_ping":"","pinged":"","post_modified":"2024-11-20 14:51:14","post_modified_gmt":"2024-11-20 12:51:14","post_content_filtered":"","post_parent":0,"guid":"http:\/\/museuciencies.cat\/equip-huma\/javier-quesada-2\/","menu_order":29,"post_type":"equip-huma","post_mime_type":"","comment_count":"0","filter":"raw"}],"llista_estudiants":[{"nom":"Emilio Pagani ","especialitat":"Estudiante de doctorado","procedencia":"Tesi: \"Alimentaci\u00f3n y color del plumaje en el carbonero com\u00fan Parus major \u00bfSon las aves lo que comen?\"","institucio":"FPI del Ministerio de Ci\u00e9ncia y Tecnolog\u00eda BES2010-04.359","link_institucio":""},{"nom":"Esther del Val ","especialitat":"Estudiante de doctorado","procedencia":"Tesi: \"Evoluci\u00f3n de la coloraci\u00f3n del plumaje: la muda como factor clave\"","institucio":"FPI del Ministerio de Ci\u00e9ncia y Tecnolog\u00eda BES2004-5631","link_institucio":""},{"nom":"Toni Borras ","especialitat":"Estudiante de doctorado","procedencia":"Tesi: \"Gesti\u00f3 integrada de recursos de biodiversitat i interacci\u00f3 antr\u00f2pica en ocells distribu\u00efts en metapoblacions: el cicle biol\u00f2gic de la llucareta com a model\"","institucio":"","link_institucio":""},{"nom":"Sepand Riyahi ","especialitat":"Estudiante de doctorado","procedencia":"Tesi: \"Local adaptation to Mediterranean habitats\"","institucio":"","link_institucio":""},{"nom":"Marta G\u00f3mez","especialitat":"Estudiante de M\u00e1ster","procedencia":"Proyecto: \"Variaci\u00f3n en la dieta del Carbonero com\u00fan (Parus major) con la edad: un estudio con is\u00f3topos estables\"","institucio":"M\u00e0ster en Etolog\u00eda, Universitat de C\u00f2rdova","link_institucio":""},{"nom":"Elena Plana","especialitat":"Estudiante de M\u00e1ster","procedencia":"Proyecto: \"Inversi\u00f3n parental y tasa sexual de los pollos en carbonero com\u00fan\"","institucio":"M\u00e0ster en Etolog\u00eda, Universitat de C\u00f2rdova","link_institucio":""},{"nom":"Maurola Tsagari","especialitat":"Estudiante Erasmus","procedencia":"","institucio":"University of  Athens, Grecia","link_institucio":""},{"nom":"Cristiana Marques","especialitat":"Estudiante Erasmus","procedencia":"","institucio":"University of Porto, Portugal","link_institucio":""}],"llista_investigadors":false,"llista_memories":false,"llista_projectes":false,"llista_publicacions":[{"nom_de_la_publicacio":"<p><strong>Senar, J. C.<\/strong>, Mateos-Gonz\u00e1lez, F., <strong>Uribe F.<\/strong> &amp; <strong>Arroyo, L.<\/strong>, 2013. Familiarity adds to attractiveness in matters of siskin mate choice. <em>Proc. R. Soc. Lond. B,<\/em>\u00a0 280 (1773): 23-61.<\/p>\n","es_document_o_link":"sense","document":false,"link":""},{"nom_de_la_publicacio":"<p>Pagani-N\u00fa\u00f1ez, E. &amp; <strong>Senar, J. C.<\/strong>, 2014. Are colorful males of great tits Parus major better parents? Parental investment is a matter of quality. <em>Acta OEcologic<\/em>a, 55: 23-28.<\/p>\n","es_document_o_link":"sense","document":false,"link":""},{"nom_de_la_publicacio":"<p>Pagani-N\u00fa\u00f1ez, E., <strong>Uribe, F.<\/strong>, Hern\u00e1ndez-G\u00f3mez, S., Mu\u00f1oz, G. &amp;<strong> Senar, J. C.<\/strong>, 2014. Habitat structure and prey composition generate contrasting effects on carotenoid-based coloration of great tit Parus major nestlings. <em>Biological Journal of the Linnean Society<\/em>,\u00a0 113:547-555<\/p>\n","es_document_o_link":"sense","document":false,"link":""},{"nom_de_la_publicacio":"<p>Pascual, J. &amp; <strong>Senar, J. C.<\/strong>, 2014. Antipredator behavioural compensation of proactive personality trait in male Eurasian siskins. <em>Animal Behaviour<\/em>, 90: 297-303.<\/p>\n","es_document_o_link":"sense","document":false,"link":""},{"nom_de_la_publicacio":"<p><strong>Senar, J. C.<\/strong>, Conroy, M. J., <strong>Quesada, J.<\/strong> &amp; Mateos-Gonz\u00e1lez, F., 2014. Selection based on the size of the black tie of the great tit may be reversed in urban habitats. <em>Ecology and Evolution<\/em>, 4: 2625-2632.<\/p>\n","es_document_o_link":"sense","document":false,"link":""},{"nom_de_la_publicacio":"<p>Relaci\u00f3n de todas las publicaciones del Departamento<\/p>\n","es_document_o_link":"Document","document":"https:\/\/museuciencies.cat\/wp-content\/uploads\/Recerca_Ecologia_Evolutiva_Publicacions.pdf","link":""}],"llista_recursos":false,"llista_servies":false,"llista_voluntaris":false,"nou_carrusel":false,"presenta_fills":"no","tambe_us_pot_interessar":"","text_alerta":"","text_equip":"","text_memories":"","text_projectes":"<p>Las l\u00edneas de investigaci\u00f3n del Grupo de Ecolog\u00eda Evolutiva y de la Conducta del Museo se desarrollan en forma de proyectos de investigaci\u00f3n concretos. A continuaci\u00f3n se detallan los diferentes proyectos en los que est\u00e1 implicado y se indican los organismos financiadores. Asimismo, y para cada proyecto, se proporcionan las citas bibliogr\u00e1ficas de tres trabajos ejemplo, as\u00ed como los estudiantes de doctorado, posdoctorales o investigadores asociados adscritos.<\/p>\n<div id=\"contingut\">\n<h3><a href=\"http:\/\/museuciencies.cat\/es\/area-cientifica\/linies-de-recerca\/ecologia-evolutiva\/\">Proyectos de Investigaci\u00f3n<\/a><\/h3>\n<\/div>\n","text_publicacions":"","text_recursos":"","text_serveis":"","tipologia_de_colaborador":[{"tipus_de_colaboracio":"Equipo colaborador externo","descripcio_del_tipus":"","colaboradors":[{"nom":"Mats Bj\u00f6rklund","especialitat":"","procedencia":"","institucio":"Uppsala University","link_institucio":"http:\/\/www.researchgate.net\/profile\/Mats_Bjoerklund"},{"nom":"Luis M\u00aa Carrascal","especialitat":"","procedencia":"","institucio":"Museo Nacional de Ciencias Naturales","link_institucio":"http:\/\/www.researchgate.net\/profile\/Luis_Carrascal"},{"nom":"Mike Conroy","especialitat":"","procedencia":"","institucio":"","link_institucio":"http:\/\/"},{"nom":"Neil B. Metcalfe","especialitat":"","procedencia":"","institucio":"University of Glasgow","link_institucio":"http:\/\/www.gla.ac.uk\/researchinstitutes\/bahcm\/staff\/neilmetcalfe\/"},{"nom":"Jos\u00e9 Domingo Rodr\u00edguez Teijeiro","especialitat":"","procedencia":"","institucio":"Universitat de Barcelona","link_institucio":"http:\/\/www.ub.edu\/bioani\/castella\/personal\/rodriguez-teijeiro\/rodriguez-teijeiro.htm"},{"nom":"Joan Salda\u00f1a","especialitat":"","procedencia":"","institucio":"Universitat de Girona","link_institucio":"http:\/\/ima.udg.edu\/~jsaldana\/"},{"nom":"Tom\u00e0s Montalvo ","especialitat":"","procedencia":"","institucio":"Ag\u00e8ncia de Salut P\u00fablica de Barcelona","link_institucio":"http:\/\/"},{"nom":"Juan Jos\u00e9 Negro ","especialitat":"","procedencia":"","institucio":"Estaci\u00f3n Biol\u00f3gica de Do\u00f1ana","link_institucio":"http:\/\/"},{"nom":"Jordi Figuerola ","especialitat":"","procedencia":"","institucio":"Estaci\u00f3n Biol\u00f3gica de Do\u00f1ana","link_institucio":"http:\/\/"},{"nom":"Laszlo Garamszegi ","especialitat":"","procedencia":"","institucio":"Estaci\u00f3n Biol\u00f3gica de Do\u00f1ana","link_institucio":"http:\/\/"},{"nom":"Juli Broggi ","especialitat":"","procedencia":"","institucio":"Estaci\u00f3n Biol\u00f3gica de Do\u00f1ana","link_institucio":"http:\/\/"},{"nom":"Pepe Tella ","especialitat":"","procedencia":"","institucio":"Estaci\u00f3n Biol\u00f3gica de Do\u00f1ana","link_institucio":"http:\/\/"},{"nom":"Martina Carrete ","especialitat":"","procedencia":"","institucio":"Estaci\u00f3n Biol\u00f3gica de Do\u00f1ana","link_institucio":"http:\/\/"},{"nom":"Pim Edelaar ","especialitat":"","procedencia":"","institucio":"Universidad Pablo Olavide","link_institucio":"http:\/\/"},{"nom":"Jacob Gonz\u00e1lez ","especialitat":"","procedencia":"","institucio":"Universitat de Barcelona","link_institucio":"http:\/\/"}]},{"tipus_de_colaboracio":"Equipo colaborador","descripcio_del_tipus":"","colaboradors":[{"nom":"Jordi Pascual","especialitat":"","procedencia":"","institucio":"","link_institucio":"http:\/\/"},{"nom":"Xavier Colomer","especialitat":"","procedencia":"","institucio":"","link_institucio":"http:\/\/"},{"nom":"Toni Cabrera","especialitat":"","procedencia":"","institucio":"","link_institucio":"http:\/\/"},{"nom":"Josep Cabrera","especialitat":"","procedencia":"","institucio":"","link_institucio":"http:\/\/"},{"nom":"David Bon\u00e9","especialitat":"","procedencia":"","institucio":"","link_institucio":"http:\/\/"},{"nom":"Toni Borr\u00e0s","especialitat":"","procedencia":"","institucio":"","link_institucio":"http:\/\/"},{"nom":"Crist\u00f2fol Jord\u00e0","especialitat":"","procedencia":"","institucio":"","link_institucio":"http:\/\/"},{"nom":"Alba Ortega","especialitat":"","procedencia":"","institucio":"","link_institucio":"http:\/\/"},{"nom":"Helena Navalpotro","especialitat":"","procedencia":"","institucio":"","link_institucio":"http:\/\/"},{"nom":"Daniel Riba","especialitat":"","procedencia":"","institucio":"","link_institucio":"http:\/\/"}]}],"presenta_peu":false},"jetpack_sharing_enabled":true,"_links":{"self":[{"href":"https:\/\/museuciencies.cat\/es\/wp-json\/wp\/v2\/pages\/18132","targetHints":{"allow":["GET"]}}],"collection":[{"href":"https:\/\/museuciencies.cat\/es\/wp-json\/wp\/v2\/pages"}],"about":[{"href":"https:\/\/museuciencies.cat\/es\/wp-json\/wp\/v2\/types\/page"}],"author":[{"embeddable":true,"href":"https:\/\/museuciencies.cat\/es\/wp-json\/wp\/v2\/users\/2"}],"replies":[{"embeddable":true,"href":"https:\/\/museuciencies.cat\/es\/wp-json\/wp\/v2\/comments?post=18132"}],"version-history":[{"count":0,"href":"https:\/\/museuciencies.cat\/es\/wp-json\/wp\/v2\/pages\/18132\/revisions"}],"up":[{"embeddable":true,"href":"https:\/\/museuciencies.cat\/es\/wp-json\/wp\/v2\/pages\/12829"}],"wp:attachment":[{"href":"https:\/\/museuciencies.cat\/es\/wp-json\/wp\/v2\/media?parent=18132"}],"curies":[{"name":"wp","href":"https:\/\/api.w.org\/{rel}","templated":true}]}}