{"id":15584,"date":"2014-01-31T09:34:37","date_gmt":"2014-01-31T09:34:37","guid":{"rendered":"http:\/\/museuciencies.cat\/area-cientifica\/departaments-cientifics\/vertebrats\/"},"modified":"2024-08-29T14:41:07","modified_gmt":"2024-08-29T12:41:07","slug":"vertebrados","status":"publish","type":"page","link":"https:\/\/museuciencies.cat\/es\/area-cientifica\/departamentos-cientificos\/vertebrados\/","title":{"rendered":"Vertebrados"},"content":{"rendered":"<p>La Colecci\u00f3n de Vertebrados del Museo engloba no s\u00f3lo a este grupo, que representa el 99% de la colecci\u00f3n, sino tambi\u00e9n a otros taxones de los cordados. El<strong> f\u00edlum de los cordados<\/strong> agrupa a todos los animales que poseen <strong>tubo neural (cuerda)<\/strong> que recorre su parte dorsal en alguna de las fases vitales. En muchos cordados este tubo est\u00e1 protegido por una <strong>columna \u00f3sea<\/strong>, la columna vertebral\u00a0(<strong>vertebrados<\/strong>).<\/p>\n<p>Los vertebrados de la colecci\u00f3n se utilizan con finalidad cient\u00edfica para estudios de biolog\u00eda, paleontolog\u00eda y medicina que realizan los investigadores del Museo y otros investigadores externos.<\/p>\n<p>Las l\u00edneas de investigaci\u00f3n del Departamento est\u00e1n basadas en:<\/p>\n<ol>\n<li><strong>Ecolog\u00eda de vertebrados<\/strong>, ya sea desde un marco te\u00f3rico (comportamiento, evoluci\u00f3n, biolog\u00eda de peces y anfibios) o en estudios aplicados sobre ecolog\u00eda de la perturbaci\u00f3n (distribuci\u00f3n espaciotemporal de aves, bioindicadores, biolog\u00eda de la conservaci\u00f3n).<\/li>\n<li><strong>Investigaci\u00f3n en colecciones zool\u00f3gicas<\/strong>: gen\u00e9tica retrospectiva de poblaciones y t\u00e9cnicas de preparaci\u00f3n zool\u00f3gica. Adem\u00e1s, una parte de estas colecciones se muestran en las exposiciones del Museo y en las de otros museos de ciencias. Tambi\u00e9n son utilizadas en actividades educativas propias y externas.<\/li>\n<\/ol>\n<p>&nbsp;<\/p>\n","protected":false},"excerpt":{"rendered":"<p>La Colecci\u00f3n de Vertebrados del Museo engloba no s\u00f3lo a este grupo, que representa el 99% de la colecci\u00f3n, sino tambi\u00e9n a otros taxones de los cordados. El f\u00edlum de los cordados agrupa a todos los animales que poseen tubo neural (cuerda) que recorre su parte dorsal en alguna de las fases vitales. En muchos [&hellip;]<\/p>\n","protected":false},"author":2,"featured_media":0,"parent":12829,"menu_order":159,"comment_status":"closed","ping_status":"closed","template":"page-fills-departaments-cientifics.php","meta":{"_acf_changed":false,"footnotes":""},"class_list":["post-15584","page","type-page","status-publish","hentry"],"acf":{"activeu_alerta":false,"arxius_adjunts":false,"boto_de_link_o_mail":false,"descripcio":"","imatge_llistat":false,"img_cap":7692,"links_associats":false,"llista_equip_museu":[{"ID":18550,"post_author":"3","post_date":"2014-05-12 17:28:48","post_date_gmt":"2014-05-12 17:28:48","post_content":"","post_title":"Javier Quesada","post_excerpt":"","post_status":"publish","comment_status":"closed","ping_status":"closed","post_password":"","post_name":"javier-quesada","to_ping":"","pinged":"","post_modified":"2024-11-20 14:51:14","post_modified_gmt":"2024-11-20 12:51:14","post_content_filtered":"","post_parent":0,"guid":"http:\/\/museuciencies.cat\/equip-huma\/javier-quesada-2\/","menu_order":29,"post_type":"equip-huma","post_mime_type":"","comment_count":"0","filter":"raw"}],"llista_estudiants":false,"llista_investigadors":[{"nom":"Alba Ortega-Segalerva","especialitat":"documentalista","procedencia":"Myrmex. Serveis t\u00e8cnics a les ci\u00e8ncies naturals SL","institucio":"","link_institucio":""},{"nom":"J\u00e8ssica Mart\u00ednez-Vargas","especialitat":"preparadora vertebrados","procedencia":"Myrmex. Serveis t\u00e8cnics a les ci\u00e8ncies naturals SL","institucio":"","link_institucio":""},{"nom":"Santiago Guallar","especialitat":"Investigaci\u00f3n","procedencia":"","institucio":"","link_institucio":""}],"llista_memories":false,"llista_projectes":false,"llista_publicacions":[{"nom_de_la_publicacio":"<p><em>(Publicaciones m\u00e1s representativas)<\/em><\/p>\n<p><strong>Quesada,J.,<\/strong> Aurell-Garrido, J.; Gago,S.; <strong>Boet, O. &amp; Garcia-Franquesa, E.<\/strong> 2016. \u201dMeasurement errors in 3D models used in osteometric data research with freeware: a test using skulls of the algerian hedgehog (Atelerix algirus)\u201d. <em>Vertebrate Zoology<\/em>. (SCI) In press.<\/p>\n","es_document_o_link":"sense","document":false,"link":""},{"nom_de_la_publicacio":"<p>Santos, X., Mateos, E., Bros, V., Brotons, L., De Mas, E., Herraiz, J. A., Herrando, S., Mi\u00f1o, A., Olmo-Vidal, J. M., <strong>Quesada, J.<\/strong>, Ribes, J., Sabat\u00e9, S., Sauras-Yera, T., Serra, A., Vallejo, V. R. &amp; Vi\u00f1olas, A., 2014. <a href=\"http:\/\/www.ncbi.nlm.nih.gov\/pmc\/articles\/PMC3917858\/pdf\/pone.0088224.pdf\">Is response to fire influenced by dietary specialization and mobility? A comparative study with multiple animal assemblages<\/a>. <em>Plos One<\/em>, 9(2): e88224. (SCI)<\/p>\n","es_document_o_link":"sense","document":false,"link":""},{"nom_de_la_publicacio":"<p>Senar, J. C., Conroy, M. J., <strong>Quesada, J.<\/strong> &amp; Mateos-Gonz\u00e1lez, F., 2014. Selection based on the size of the black tie of the Great tit may be reversed in urban habitats. <em>Ecology &amp; Evolution<\/em>, 74(13): 2625-32 (SCI)<\/p>\n","es_document_o_link":"sense","document":false,"link":""},{"nom_de_la_publicacio":"<p><strong>Quesada, J.<\/strong>, Ch\u00e1vez-Zichinelli, C. A., Senar, J. C. &amp; Schondube, J. E., 2013. <a href=\"https:\/\/drive.google.com\/file\/d\/0B4PIxV4-kaDNRkFYUEl4RlBLMTg\/edit\">Plumage coloration in Blue Grosbeaks has no dual function: a test of the armament-ornament model of sexual selection<\/a>. <em>The Condor<\/em>, 115: 902-909\u00a0 (SCI)<\/p>\n<p>&nbsp;<\/p>\n","es_document_o_link":"sense","document":false,"link":""},{"nom_de_la_publicacio":"<p>Ch\u00e1vez-Zichinelli, C. A., MacGregor-Fors, I., <strong>Quesada, J.<\/strong>, Talam\u00e1s Rohana, P., Romano, M. C., Vald\u00e9z, R., Schondube, J. E., 2013. How stressed are birds in an urbanizing landscape? Relationships between different habitat conditions and the physiology of birds in three subtropical conditions. <em>The Condor<\/em>, 115: 1-9 (SCI)<\/p>\n","es_document_o_link":"sense","document":false,"link":""},{"nom_de_la_publicacio":"<p><strong>Relaci\u00f3n de todas las publicaciones del departamento<\/strong><\/p>\n<p>&nbsp;<\/p>\n","es_document_o_link":"Document","document":"https:\/\/museuciencies.cat\/wp-content\/uploads\/PUBLICACIONS-CORDATS-ago2016.pdf","link":""}],"llista_recursos":false,"llista_servies":false,"llista_voluntaris":false,"nou_carrusel":false,"presenta_fills":"no","tambe_us_pot_interessar":"","text_alerta":"","text_equip":"","text_memories":"","text_projectes":"<h3>Proyectos relacionados con las colecciones<\/h3>\n<p>En los \u00faltimos a\u00f1os, los esfuerzos se han dedicado a potenciar y mejorar la preparaci\u00f3n zool\u00f3gica, la restauraci\u00f3n de espec\u00edmenes, la conservaci\u00f3n preventiva y la revisi\u00f3n cient\u00edfica. Actualmente se mantienen estos proyectos y se est\u00e1n iniciando otros nuevos como: \u00a0el desarrollo de t\u00e9cnicas de preparaci\u00f3n de cordados y la potenciaci\u00f3n \u00a0del banco de tejidos, estableciendo series temporales de especies de referencia de la fauna ib\u00e9rica \u00a0(investigador responsable: Javier Quesada).<\/p>\n<p>Tambi\u00e9n se est\u00e1n realizando estudios de documentaci\u00f3n con t\u00e9cnicas \u00a0moleculares y de gen\u00e9tica de poblaciones (investigadores responsables: Roc\u00edo P\u00e9rez-Portela y Javier Quesada).<\/p>\n<h3>Proyectos de investigaci\u00f3n sobre <a href=\"http:\/\/museuciencies.cat\/es\/area-cientifica\/linies-de-recerca\/diversitat-natural\/ecologia-de-vertebrats\/\">ecolog\u00eda de vertebrados<\/a><\/h3>\n<p>&nbsp;<\/p>\n<p>&nbsp;<\/p>\n<p style=\"color: #1e1b1e;\">\n","text_publicacions":"","text_recursos":"","text_serveis":"","tipologia_de_colaborador":[{"tipus_de_colaboracio":"Equipo colaborador en la gesti\u00f3n cient\u00edfica e investigaci\u00f3n en colecciones","descripcio_del_tipus":"","colaboradors":[{"nom":"Olga Boet","especialitat":"Colaboradora cient\u00edfica en Teriolog\u00eda","procedencia":"","institucio":"","link_institucio":"http:\/\/"},{"nom":"Marc Illa","especialitat":"Colaborador cient\u00edfico en Ornitolog\u00eda","procedencia":"","institucio":"","link_institucio":"http:\/\/"},{"nom":"Rafael Gonz\u00e1lez de Lucas","especialitat":"Colaborador cient\u00edfico en Ornitolog\u00eda","procedencia":"","institucio":"","link_institucio":"http:\/\/"},{"nom":"Josep Escribano","especialitat":"Colaborador cient\u00edfico en Ictiolog\u00eda","procedencia":"","institucio":"","link_institucio":"http:\/\/"},{"nom":"Lluis Garcia-Petit","especialitat":"Colaborador cient\u00edfico en Arqueozoolog\u00eda","procedencia":"","institucio":"","link_institucio":"http:\/\/"},{"nom":"Alejandro Garcia-Salmer\u00f3n","especialitat":"Colaborador cient\u00edfico en Herpetolog\u00eda","procedencia":"","institucio":"","link_institucio":"http:\/\/"},{"nom":"Roc\u00edo P\u00e8rez-Portela","especialitat":"Colaboradora cient\u00edfica en Urocordados","procedencia":"","institucio":"","link_institucio":"http:\/\/"},{"nom":"Daniele Mazzoni","especialitat":"Colaborador cient\u00edfico en Preparaci\u00f3n Zool\u00f3gica","procedencia":"","institucio":"","link_institucio":"http:\/\/"}]},{"tipus_de_colaboracio":"Equipo colaborador en investigaci\u00f3n de vertebrados","descripcio_del_tipus":"","colaboradors":[{"nom":"Santiago Guallar","especialitat":"Investigaci\u00f3n en Ecolog\u00eda de vertebrados","procedencia":"","institucio":"","link_institucio":"http:\/\/"},{"nom":"Naike Abad","especialitat":"Investigaci\u00f3n en Ecolog\u00eda de vertebrados","procedencia":"","institucio":"","link_institucio":"http:\/\/"},{"nom":"Oriol Tello","especialitat":"Investigaci\u00f3n en Ecolog\u00eda de vertebrados","procedencia":"","institucio":"","link_institucio":"http:\/\/"}]},{"tipus_de_colaboracio":"Equipo colaborador externo","descripcio_del_tipus":"","colaboradors":[{"nom":"Ian Macgregor-Fors","especialitat":"","procedencia":"University of Helsinki, Niemenkatu 73, FI-15140 Lahti, Finland","institucio":"","link_institucio":"http:\/\/www.inecol.edu.mx\/personal\/index.php\/ambiente-y-sustentabilidad\/24-ian-macgregor-fors"},{"nom":"Pamela Yeh","especialitat":"","procedencia":"Department of Ecology and Evolutionary Biology,Universitat de California Berkeley, USA","institucio":"","link_institucio":"https:\/\/www.eeb.ucla.edu\/Faculty\/Yeh\/"},{"nom":"Roc\u00edo P\u00e9rez-Portela","especialitat":"","procedencia":"Departament de Biologia Evolutiva, Ecologia i Ci\u00e8ncies Ambientals, Universitat de Barcelona, Barcelona","institucio":"","link_institucio":""},{"nom":"Rafael Gonz\u00e1lez de Lucas","especialitat":"","procedencia":"Parc Natural del Garraf (Barcelona), Catalu\u00f1a, Espa\u00f1a","institucio":"","link_institucio":"http:\/\/"}]}],"presenta_peu":false,"segona_part":""},"jetpack_sharing_enabled":true,"_links":{"self":[{"href":"https:\/\/museuciencies.cat\/es\/wp-json\/wp\/v2\/pages\/15584","targetHints":{"allow":["GET"]}}],"collection":[{"href":"https:\/\/museuciencies.cat\/es\/wp-json\/wp\/v2\/pages"}],"about":[{"href":"https:\/\/museuciencies.cat\/es\/wp-json\/wp\/v2\/types\/page"}],"author":[{"embeddable":true,"href":"https:\/\/museuciencies.cat\/es\/wp-json\/wp\/v2\/users\/2"}],"replies":[{"embeddable":true,"href":"https:\/\/museuciencies.cat\/es\/wp-json\/wp\/v2\/comments?post=15584"}],"version-history":[{"count":4,"href":"https:\/\/museuciencies.cat\/es\/wp-json\/wp\/v2\/pages\/15584\/revisions"}],"predecessor-version":[{"id":113268,"href":"https:\/\/museuciencies.cat\/es\/wp-json\/wp\/v2\/pages\/15584\/revisions\/113268"}],"up":[{"embeddable":true,"href":"https:\/\/museuciencies.cat\/es\/wp-json\/wp\/v2\/pages\/12829"}],"wp:attachment":[{"href":"https:\/\/museuciencies.cat\/es\/wp-json\/wp\/v2\/media?parent=15584"}],"curies":[{"name":"wp","href":"https:\/\/api.w.org\/{rel}","templated":true}]}}