{"id":15543,"date":"2014-01-31T09:32:54","date_gmt":"2014-01-31T09:32:54","guid":{"rendered":"http:\/\/museuciencies.cat\/area-cientifica\/departaments-cientifics\/invertebrats-artopodes\/"},"modified":"2024-08-29T14:29:57","modified_gmt":"2024-08-29T12:29:57","slug":"artropodos","status":"publish","type":"page","link":"https:\/\/museuciencies.cat\/es\/area-cientifica\/departamentos-cientificos\/artropodos\/","title":{"rendered":"Artr\u00f3podos"},"content":{"rendered":"<p>La colecci\u00f3n de artr\u00f3podos es la m\u00e1s numerosa y diversificada del Museo puesto que\u00a0contiene entre 1.750.000 y 1.900.000 ejemplares, m\u00e1s de la mitad del total de espec\u00edmenes de las colecciones que en \u00e9l se conservan. En ella encontramos testimonios de la mayor\u00eda de \u00f3rdenes de los diferentes subf\u00edlums (Chelicerata, Crustacea, Uniramia) que conforman el f\u00edlum Arthropoda, si bien los hex\u00e1podos son el grupo que se encuentra m\u00e1s ampliamente representado, con una importante relevancia de los insectos entre los que destacan los cole\u00f3pteros. La colecci\u00f3n de espec\u00edmenes tipo de la colecci\u00f3n de artr\u00f3podos presenta un destacado valor cient\u00edfico tanto por lo que respecta al n\u00famero de ejemplares y especies como a los grupos taxon\u00f3micos representados.<\/p>\n<p><strong>El equipo de artr\u00f3podos<\/strong> est\u00e1 formado por dos conservadoras, dos documentalistas y un entom\u00f3logo, pero el d\u00eda a d\u00eda del departamento no ser\u00eda posible sin la gran red de colaboradores y colaboradoras especialistas que ayudan a responder a consultas, determinar material y reorganizar la colecci\u00f3n. Entre todos, damos valor cient\u00edfico a las colecciones.<\/p>\n<p>Las labores fundamentales del Departamento, como la ordenaci\u00f3n, documentaci\u00f3n e informatizaci\u00f3n del fondo de la colecci\u00f3n, cuentan con la colaboraci\u00f3n de dos documentalistas de la empresa Myrmex. Los trabajos de preparaci\u00f3n, gesti\u00f3n y determinaci\u00f3n de las muestras fruto de los proyectos de investigaci\u00f3n y del fondo de la colecci\u00f3n recaen en un entom\u00f3logo externo.<\/p>\n<p><strong>La colaboraci\u00f3n de especialistas<\/strong>\u00a0es de gran importancia para dar valor cient\u00edfico a las colecciones de los museos. En la colecci\u00f3n de artr\u00f3podos colaboran m\u00e1s de 30 especialistas, que en su mayor\u00eda revisan y determinan a escala de especie diferentes grupos taxon\u00f3micos, mientras otros son recolectores y bioespele\u00f3logos.<\/p>\n","protected":false},"excerpt":{"rendered":"<p>La colecci\u00f3n de artr\u00f3podos es la m\u00e1s numerosa y diversificada del Museo puesto que\u00a0contiene entre 1.750.000 y 1.900.000 ejemplares, m\u00e1s de la mitad del total de espec\u00edmenes de las colecciones que en \u00e9l se conservan. En ella encontramos testimonios de la mayor\u00eda de \u00f3rdenes de los diferentes subf\u00edlums (Chelicerata, Crustacea, Uniramia) que conforman el f\u00edlum [&hellip;]<\/p>\n","protected":false},"author":2,"featured_media":0,"parent":12829,"menu_order":237,"comment_status":"closed","ping_status":"closed","template":"page-fills-departaments-cientifics.php","meta":{"_acf_changed":false,"footnotes":""},"class_list":["post-15543","page","type-page","status-publish","hentry"],"acf":{"activeu_alerta":false,"arxius_adjunts":false,"boto_de_link_o_mail":false,"descripcio":"","imatge_llistat":false,"img_cap":14803,"links_associats":false,"llista_equip_museu":[{"ID":18555,"post_author":"3","post_date":"2014-05-12 17:27:03","post_date_gmt":"2014-05-12 17:27:03","post_content":"","post_title":"Berta Caballero","post_excerpt":"","post_status":"publish","comment_status":"closed","ping_status":"closed","post_password":"","post_name":"berta-caballero","to_ping":"","pinged":"","post_modified":"2024-09-10 09:13:26","post_modified_gmt":"2024-09-10 07:13:26","post_content_filtered":"","post_parent":0,"guid":"http:\/\/museuciencies.cat\/equip-huma\/berta-caballero-2\/","menu_order":29,"post_type":"equip-huma","post_mime_type":"","comment_count":"0","filter":"raw"},{"ID":105618,"post_author":"2","post_date":"2023-11-14 11:03:33","post_date_gmt":"2023-11-14 09:03:33","post_content":"","post_title":"Irene Lobato","post_excerpt":"","post_status":"publish","comment_status":"closed","ping_status":"closed","post_password":"","post_name":"irene-lobato","to_ping":"","pinged":"","post_modified":"2024-08-29 11:37:48","post_modified_gmt":"2024-08-29 09:37:48","post_content_filtered":"","post_parent":0,"guid":"https:\/\/museuciencies.cat\/equip-huma\/irene-lobato\/","menu_order":0,"post_type":"equip-huma","post_mime_type":"","comment_count":"0","filter":"raw"}],"llista_estudiants":false,"llista_investigadors":[{"nom":"Neus Bra\u00f1as Valcarcel","especialitat":"documentalista","procedencia":"Myrmex. Serveis t\u00e8cnics a les ci\u00e8ncies naturals SL","institucio":"","link_institucio":""},{"nom":"Jorge Mederos L\u00f3pez","especialitat":"preparador col\u00b7leccions","procedencia":"servicios externos","institucio":"","link_institucio":""},{"nom":"Sergi Gago","especialitat":"documentalista","procedencia":"Myrmex. Serveis t\u00e8cnics a les ci\u00e8ncies naturals SL","institucio":"","link_institucio":""}],"llista_memories":false,"llista_projectes":false,"llista_publicacions":[{"nom_de_la_publicacio":"<p>Barrientos, Jos\u00e9 A.; Bra\u00f1as, Neus; Mederos, Jorge. 2019. \u201cDos especies nuevas de Pholcidae (Araneae) de Marruecos\u201d. Revista Ib\u00e9rica de Aracnolog\u00eda, 34: 3-12.<\/p>\n","es_document_o_link":"sense","document":false,"link":""},{"nom_de_la_publicacio":"<p>Dainese, Matteo, Martin, Emily A., \u2026.. Berta Caballero-L\u00f3pez, \u2026., Wei Zhang, Yi Zou, Ingolf Steffan-Dewenter: A global synthesis reveals biodiversity-mediated benefits for crop production. Science Advances 10\/2019; 5(10):eaax0121.<\/p>\n","es_document_o_link":"sense","document":false,"link":""},{"nom_de_la_publicacio":"<p>Martin, Emily A.,\u00a0 Matteo Dainese, Yann Clough, \u2026.. Berta Caballero-L\u00f3pez, \u2026.. Ingolf Steffan-Dewenter, Elena D. Concepci\u00f3n: The interplay of landscape composition and configuration: new pathways to manage functional biodiversity and agro-ecosystem services across Europe. Ecology Letters 04\/2019;, DOI:10.1111\/ele.13265<\/p>\n","es_document_o_link":"sense","document":false,"link":""},{"nom_de_la_publicacio":"<p>Vi\u00f1olas, A., Caballero-L\u00f3pez, B. &amp; Mas\u00f3, G. 2018. The collection of type specimens belonging to the subfamilies Alleculinae, Diaperinae and Lagriinae (Coleoptera: Tenebrionidae) in the Natural Sciences Museum of Barcelona, Spain. Arxius de Misce\u0140l\u00e0nia Zool\u00f2gica, 16: 20-39.<\/p>\n","es_document_o_link":"sense","document":false,"link":""},{"nom_de_la_publicacio":"<p>Karp, D.S. Chaplin-Kramer, R. &#8230;&#8230;&#8230; Caballero-L\u00f3pez,B.,\u00a0 \u2026.., Yi Zou. 2018: Crop pests and predators exhibit inconsistent responses to surrounding landscape composition (47\/73 authors). Proceedings of the National Academy of Sciences 08; Vol.115(33):201800042., DOI:10.1073\/pnas.1800042115<\/p>\n","es_document_o_link":"sense","document":false,"link":""},{"nom_de_la_publicacio":"<p>Relaci\u00f3n de todas las publicaciones del departamento desde 2000<\/p>\n","es_document_o_link":"Document","document":"https:\/\/museuciencies.cat\/wp-content\/uploads\/2020\/02\/PUBLICACIONS-2000-2020.pdf","link":""}],"llista_recursos":false,"llista_servies":false,"llista_voluntaris":false,"nou_carrusel":false,"presenta_fills":"no","tambe_us_pot_interessar":"","text_alerta":"","text_equip":"","text_memories":"","text_projectes":"<p><span style=\"color: #000000;\">En el\u00a0Departamento de Artr\u00f3podos se desarrollan proyectos de investigaci\u00f3n en diferentes \u00e1mbitos y escalas de trabajo: estudio de colecciones, revisiones taxon\u00f3micas de car\u00e1cter cl\u00e1sico de los diferentes taxones, estudios de biodiversidad en diferentes \u00e1reas o diferentes grupos y estudios sobre redes tr\u00f3ficas de insectos en los que se trabaja a escala de comunidad. Pero entre los proyectos de investigaci\u00f3n destacan los que son de larga tradici\u00f3n en el Museo, como los estudios sobre la fauna hipogea de Catalu\u00f1a y el Norte de \u00c1frica.<\/span><\/p>\n<h3><span style=\"color: #000000;\">Proyectos de documentaci\u00f3n de la colecci\u00f3n<\/span><\/h3>\n<p><span style=\"color: #000000;\">Desde 1999, cuando se cre\u00f3 el nuevo Departamento de Gesti\u00f3n de la Colecci\u00f3n, con Gl\u00f2ria Mas\u00f3 como responsable, se ha considerado primordial avanzar en la documentaci\u00f3n e informatizaci\u00f3n del fondo de la colecci\u00f3n, ya que la correcta documentaci\u00f3n es imprescindible para realizar una gesti\u00f3n eficiente de la colecci\u00f3n y para agilizar el gran n\u00famero de consultas cient\u00edficas que el departamento recibe. El proyecto documental prioritario a medio y largo plazo es la documentaci\u00f3n, revisi\u00f3n taxon\u00f3mica e informatizaci\u00f3n detallada de los espec\u00edmenes tipo, espec\u00edmenes figurados y ejemplares de fauna hipogea. En esta labor intervienen muchos de los especialistas tax\u00f3nomos y miembros del equipo de artr\u00f3podos (ver apartado del equipo) para trabajar coordinadamente en la gesti\u00f3n cient\u00edfica y documental de la colecci\u00f3n.<\/span><\/p>\n<h3><span style=\"color: #000000;\">Proyectos de investigaci\u00f3n<\/span><\/h3>\n<p><span style=\"color: #000000;\">Los artr\u00f3podos constituyen uno de los grupos taxon\u00f3micos con mayor \u00e9xito evolutivo puesto que es muy extenso y diversificado. Se considera que engloban aproximadamente el 80% del total de especies animales conocidas en la actualidad. Por esta raz\u00f3n, cualquier proyecto de investigaci\u00f3n dedicado al estudio de los artr\u00f3podos supone un gran trabajo de equipo siendo imprescindible mantener una colaboraci\u00f3n muy estrecha tanto con la red de tax\u00f3nomos especialistas, a fin de conseguir listas de especies detalladas y correctas, como con los propios t\u00e9cnicos del Departamento para efectuar una correcta documentaci\u00f3n\u00a0y gesti\u00f3n del gran n\u00famero de espec\u00edmenes a procesar y ubicar en el fondo de la colecci\u00f3n.<\/span><\/p>\n<p><span style=\"color: #000000;\">L\u00edneas de investigaci\u00f3n:<\/span><\/p>\n<div id=\"contingut\">\n<ul>\n<li><span style=\"color: #000000;\"><a style=\"color: #000000;\" href=\"http:\/\/museuciencies.cat\/es\/area-cientifica\/linies-de-recerca\/diversitat-natural\/bioespeleologia\/\">Bioespeleolog\u00eda y fauna hipogea<\/a><\/span><\/li>\n<li><span style=\"color: #000000;\"><a style=\"color: #000000;\" href=\"http:\/\/museuciencies.cat\/es\/area-cientifica\/linies-de-recerca\/diversitat-natural\/artropodiversitat\/\">Sistem\u00e1tica de artr\u00f3podos <\/a><\/span><\/li>\n<li><span style=\"color: #000000;\"><a style=\"color: #000000;\" href=\"http:\/\/museuciencies.cat\/es\/area-cientifica\/linies-de-recerca\/diversitat-natural\/ecologia-funcional-en-agroecosistemes\/\">Ecolog\u00eda funcional en sistemas agroforestales<\/a><\/span><\/li>\n<\/ul>\n<\/div>\n","text_publicacions":"","text_recursos":"","text_serveis":"","tipologia_de_colaborador":[{"tipus_de_colaboracio":"Colaboradores especialistas","descripcio_del_tipus":"","colaboradors":[{"nom":"Llu\u00eds Auroux","especialitat":"bioespele\u00f3logo y comprometido recolector","procedencia":"BIOSP","institucio":"","link_institucio":"http:\/\/"},{"nom":"I\u00f1aki Balanzategui","especialitat":"bi\u00f3logo y especialista en \u00e1caros","procedencia":"","institucio":"","link_institucio":"http:\/\/"},{"nom":"Jos\u00e9 Antonio Barrientos","especialitat":"profesor y especialista en araneidos","procedencia":"UAB","institucio":"","link_institucio":"http:\/\/"},{"nom":"Alice Casiraghi","especialitat":"entom\u00f3loga, especialista en pulgones (Aphidoidea. Homoptera)","procedencia":"","institucio":"","link_institucio":"http:\/\/"},{"nom":"Joan Bentanachs Calvo","especialitat":"veterinario, especialista en cole\u00f3pteros de la familia de los ceramb\u00edcidos de distribuci\u00f3n indomalaya y de los crisom\u00e9lidos ib\u00e9ricos","procedencia":"","institucio":"","link_institucio":"http:\/\/"},{"nom":"Helena Barril, bi\u00f2loga en Apoideos","especialitat":"","procedencia":"","institucio":"","link_institucio":"http:\/\/"},{"nom":"Jordi Bosch","especialitat":"investigador del CREAF, especialista en Apoideos ","procedencia":"","institucio":"CREAF","link_institucio":"http:\/\/"},{"nom":"Jordi Comas","especialitat":"biospele\u00f3logo y especialista en cole\u00f3pteros hipogeos","procedencia":"BIOSP","institucio":"","link_institucio":"http:\/\/"},{"nom":"Jos\u00e9 Manuel Di\u00e9guez","especialitat":"entom\u00f3logo, especialista en cole\u00f3pteros: cant\u00e1ridos, mal\u00e1quidos y ant\u00edcidos","procedencia":"","institucio":"","link_institucio":"http:\/\/"},{"nom":"Xavier Espadaler Gelabert","especialitat":"mirmec\u00f3logo (Hymenoptera)","procedencia":"Professor de UAB y investigador del CREAF","institucio":"","link_institucio":"http:\/\/www2.creaf.cat\/ca\/personal\/personal-recerca\/personal-cientific\/investigador\/xavier-espadaler-gelabert"},{"nom":"Florent\u00ed Fadrique","especialitat":"bioespele\u00f3logo y comprometido recolector","procedencia":"BIOSP","institucio":"","link_institucio":"http:\/\/"},{"nom":"Diego Fern\u00e1ndez","especialitat":"entom\u00f3logo y especialista en hem\u00edpteros heter\u00f3pteros","procedencia":"","institucio":"","link_institucio":"http:\/\/"},{"nom":"Mar Ferrer Suay ","especialitat":"entom\u00f3loga, especialista en Cynipoidea (Hymenoptera)","procedencia":"","institucio":"","link_institucio":"http:\/\/"},{"nom":"Llu\u00eds Filb\u00e0","especialitat":"entom\u00f3logo, especialista en Tric\u00f3pteros","procedencia":"","institucio":"","link_institucio":"http:\/\/"},{"nom":"Xavier Fresneda","especialitat":"bi\u00f3logo y especialista en cole\u00f3pteros lei\u00f3didos","procedencia":"","institucio":"","link_institucio":"http:\/\/"},{"nom":"Federico Garc\u00eda","especialitat":"bi\u00f3logo y especialista en form\u00edcidos","procedencia":"","institucio":"","link_institucio":"http:\/\/"},{"nom":"Marta Goula","especialitat":"entom\u00f3loga, especialista en hem\u00edpteros ","procedencia":"","institucio":"UB","link_institucio":"http:\/\/"},{"nom":"David Lluci\u00e0","especialitat":"entom\u00f3logo especialista en ort\u00f3pteros","procedencia":"","institucio":"","link_institucio":"http:\/\/"},{"nom":"Ramon Maci\u00e0","especialitat":"entom\u00f3logo especialista en \u00e1rctidos y otras familias de lepid\u00f3pteros","procedencia":"","institucio":"","link_institucio":"http:\/\/"},{"nom":"Ricard Mart\u00edn","especialitat":"bi\u00f3logo, especialista en odonatos (lib\u00e9lulas y caballitos del diablo).","procedencia":"","institucio":"","link_institucio":"http:\/\/"},{"nom":"Agust\u00ed Meseguer","especialitat":"bioespele\u00f3logo y experto en fotograf\u00eda de naturaleza","procedencia":"BIOSP","institucio":"","link_institucio":"http:\/\/"},{"nom":"Josep M. Michelena Saval ","especialitat":"entom\u00f3logo, especialista en brac\u00f3nidos Aphidiinae (Hymenoptera)","procedencia":"","institucio":"","link_institucio":"http:\/\/"},{"nom":"Josep Mu\u00f1oz Batet","especialitat":"especialista en cole\u00f3pteros escarabeidos","procedencia":"","institucio":"","link_institucio":"http:\/\/"},{"nom":"Nicol\u00e1s P\u00e9rez Hidalgo","especialitat":"entom\u00f3logo, especialista en pulgones (Aphidoidea. Homoptera)","procedencia":"","institucio":"","link_institucio":"http:\/\/"},{"nom":"Josep Joaquim P\u00e9rez De Gregorio","especialitat":"entom\u00f3logo especialista en lepid\u00f3pteros","procedencia":"","institucio":"","link_institucio":"http:\/\/"},{"nom":"Miguel Prieto Manzanares","especialitat":"entom\u00f3logo, especialista en meloidos y derm\u00e9stidos (Coleoptera)","procedencia":"Myrmex","institucio":"","link_institucio":"http:\/\/"},{"nom":"Juli Pujade Villar","especialitat":"entom\u00f3logo y especialista en himen\u00f3pteros de las familias Cynipidae y Figitidae","procedencia":"professor de la UB","institucio":"","link_institucio":"http:\/\/www.ub.edu\/bioani\/english\/staff\/pujade\/pujade.htm"},{"nom":"Mair\u00e0ngels Puig","especialitat":"bi\u00f3loga, investigadora especialista en efemer\u00f3pteros","procedencia":"","institucio":"","link_institucio":"http:\/\/"},{"nom":"Sergi Tr\u00f3ccoli","especialitat":"veterinario, especialista en cole\u00f3pteros, de la familia de los ceramb\u00edcidos","procedencia":"","institucio":"","link_institucio":"http:\/\/"},{"nom":"Amador Vi\u00f1olas Saborit","especialitat":"entom\u00f3logo, especialista en cole\u00f3pteros y gran estudioso de las familias de anobios y tenebri\u00f3nidos","procedencia":"","institucio":"","link_institucio":"http:\/\/"},{"nom":"Eduard Vives","especialitat":"entom\u00f3logo, especialista en cole\u00f3pteros: ceramb\u00edcidos entre otros","procedencia":"","institucio":"","link_institucio":"http:\/\/"}]}],"presenta_peu":false,"segona_part":""},"jetpack_sharing_enabled":true,"_links":{"self":[{"href":"https:\/\/museuciencies.cat\/es\/wp-json\/wp\/v2\/pages\/15543","targetHints":{"allow":["GET"]}}],"collection":[{"href":"https:\/\/museuciencies.cat\/es\/wp-json\/wp\/v2\/pages"}],"about":[{"href":"https:\/\/museuciencies.cat\/es\/wp-json\/wp\/v2\/types\/page"}],"author":[{"embeddable":true,"href":"https:\/\/museuciencies.cat\/es\/wp-json\/wp\/v2\/users\/2"}],"replies":[{"embeddable":true,"href":"https:\/\/museuciencies.cat\/es\/wp-json\/wp\/v2\/comments?post=15543"}],"version-history":[{"count":3,"href":"https:\/\/museuciencies.cat\/es\/wp-json\/wp\/v2\/pages\/15543\/revisions"}],"predecessor-version":[{"id":113260,"href":"https:\/\/museuciencies.cat\/es\/wp-json\/wp\/v2\/pages\/15543\/revisions\/113260"}],"up":[{"embeddable":true,"href":"https:\/\/museuciencies.cat\/es\/wp-json\/wp\/v2\/pages\/12829"}],"wp:attachment":[{"href":"https:\/\/museuciencies.cat\/es\/wp-json\/wp\/v2\/media?parent=15543"}],"curies":[{"name":"wp","href":"https:\/\/api.w.org\/{rel}","templated":true}]}}