{"id":15200,"date":"2014-10-15T11:28:57","date_gmt":"2014-10-15T11:28:57","guid":{"rendered":"http:\/\/museuciencies.cat\/area-cientifica\/linies-de-recerca\/diversitat-natural\/malacologia-terrestre\/"},"modified":"2017-12-05T18:23:19","modified_gmt":"2017-12-05T16:23:19","slug":"malacologia-terrestre","status":"publish","type":"page","link":"https:\/\/museuciencies.cat\/es\/area-cientifica\/lineas-de-investigacion\/diversidad-natural\/malacologia-terrestre\/","title":{"rendered":"Malacolog\u00eda terrestre"},"content":{"rendered":"<p><span style=\"color: #000000;\">Desde el a\u00f1o 2001 se han desarrollado varios estudios faun\u00edsticos y aplicados a la gesti\u00f3n ambiental de territorios protegidos, a menudo formando parte de proyectos interdisciplinares liderados por la Instituci\u00f3n Catalana de Historia Natural (ver lista final en el <a style=\"color: #000000;\" href=\"http:\/\/museuciencies.cat\/es\/area-cientifica\/departaments-cientifics\/invertebrats-no-artopodes\/#horizontalTabExpo3\">apartado de publicaciones<\/a>).<\/span><\/p>\n<p><span style=\"color: #000000;\">La ubicaci\u00f3n de estos proyectos en vertientes pirenaicas ha dado continuidad a la investigaci\u00f3n desarrollada durante la d\u00e9cada de los a\u00f1os 1920 bajo los auspicios del reconocido malac\u00f3logo Fritz Haas. Una serie de seis vol\u00famenes dedicados a la malacofauna de los valles pirenaicos da fe de la esforzada actividad cient\u00edfica en aquellos tiempos (ver <a style=\"color: #000000;\" href=\"http:\/\/other.museucienciesjournals.cat\/publicacions-de-la-junta-de-ciencies-naturals\/?lang=es\"><em>Treballs del Museu de Ci\u00e8ncies Naturals de Barcelona<\/em><\/a>\u00a0volumen III &#8211; Malacolog\u00eda). Con esta base comparativa entre \u00e9pocas diferentes, la reciente investigaci\u00f3n de la fauna de moluscos en medio de alta monta\u00f1a ha propiciado la consideraci\u00f3n del gradiente altitudinal como factor de segregaci\u00f3n y selecci\u00f3n de h\u00e1bitat por parte de las especies de moluscos presentes.<\/span><\/p>\n<p><span style=\"color: #000000;\">En la actualidad se dise\u00f1an estudios dirigidos a analizar la relaci\u00f3n entre la comunidad de moluscos y las condiciones del microh\u00e1bitat, en particular la estructura vegetal, en el contexto de investigaci\u00f3n impulsad<\/span>o por el programa de ecolog\u00eda evolutiva del Museo.<\/p>\n","protected":false},"excerpt":{"rendered":"<p>Desde el a\u00f1o 2001 se han desarrollado varios estudios faun\u00edsticos y aplicados a la gesti\u00f3n ambiental de territorios protegidos, a menudo formando parte de proyectos interdisciplinares liderados por la Instituci\u00f3n Catalana de Historia Natural (ver lista final en el apartado de publicaciones). La ubicaci\u00f3n de estos proyectos en vertientes pirenaicas ha dado continuidad a la [&hellip;]<\/p>\n","protected":false},"author":2,"featured_media":0,"parent":15191,"menu_order":153,"comment_status":"closed","ping_status":"closed","template":"page-fills-programes-recerca.php","meta":{"_acf_changed":false,"footnotes":""},"class_list":["post-15200","page","type-page","status-publish","hentry"],"acf":{"activeu_alerta":false,"arxius_adjunts":false,"boto_de_link_o_mail":false,"imatge_llistat":false,"img_cap":7166,"links_associats":false,"llistat_projectes":[{"titol":"Jornadas de Prospecci\u00f3n Biol\u00f3gica de Catalu\u00f1a","any":"","responsable":"","financament":"Departamento de Medio Ambiente y Vivienda (2010), Departamento de Territorio y Sostenibilidad y Departamento de Agricultura, Ganader\u00eda, Pesca, Alimentaci\u00f3n y Medio Natural (2012), Generalitat de Catalunya.","durada":"2010-2012","descripcio":"<p>Bajo la coordinaci\u00f3n de la Instituci\u00f3n Catalana de Historia Natural y del Banco de Datos de Biodiversidad de Catalu\u00f1a (Universidad de Barcelona), se han planteado acciones de prospecci\u00f3n masiva en el lugar y el tiempo, de car\u00e1cter interdisciplinar, para incrementar el conocimiento naturalista de las \u00e1reas menos conocidas seg\u00fan consta en el Banco de Datos de Biodiversidad de Catalu\u00f1a. El objetivo del a\u00f1o 2010 fue la zona comprendida entre los valles de Cardona-Solsona y Calaf-Tor\u00e0 y el de 2012 la comarca natural del Moian\u00e8s.<\/p>\n","documents_adjunts":false},{"titol":"El Cabrer\u00e8s a ojos de un naturalista","any":"","responsable":"","financament":"Departamento de Cultura, Generalitat de Catalunya","durada":"2008-2009","descripcio":"<p>En colaboraci\u00f3n con la secci\u00f3n de la Garrotxa de la Instituci\u00f3n Catalana de Historia Natural se plante\u00f3 una investigaci\u00f3n interdisciplinar (biol\u00f3gica, hist\u00f3rica) sobre los estudios naturalistas desarrollados previamente en la denominada subcomarca del Cabrer\u00e8s. La zona del Cabrer\u00e8s y la cordillera de Collsacabra, en la Garrotxa, fueron visitadas en el a\u00f1o 1923 por dos prestigiosos naturalistas, Llong\u00ed Nav\u00e0s y Ascensi Codina, por encargo del director del Museo de Ciencias Naturales de Barcelona, Pius Font i Quer. En 1924 apareci\u00f3 la memoria de la\u00a0 <em>Excursi\u00f3 entomol\u00f2gica al Cabrer\u00e8s (Girona-Barcelona) del 8 al 18 de juliol de 1923<\/em>\u00a0siendo autor de la misma Llong\u00ed Nav\u00e0s, S.J., dentro de la serie <em>Treballs del Museu de Ci\u00e8ncies\u00a0 Naturals<\/em>.<\/p>\n<p>La subcomarca del Cabrer\u00e8s conserva todav\u00eda todo el atractivo naturalista de hace casi un siglo, incrementado ahora por el valor de poder comparar el estado de la naturaleza en aquel momento y en la actualidad. Con el objetivo de emular la excursi\u00f3n de Nav\u00e0s y Codina en las condiciones actuales, varias entidades se coordinan para ejecutar conjuntamente una experiencia cultural de car\u00e1cter cient\u00edfico y de divulgaci\u00f3n de valores naturalistas en nuestros d\u00edas.<\/p>\n<p>&nbsp;<\/p>\n","documents_adjunts":false},{"titol":"Estudio de los sistemas naturales de les Planes de Son i la Mata de Val\u00e8ncia \u2013 Moluscos ","any":"","responsable":"","financament":"Fundaci\u00f3n Territorio y Paisaje","durada":"2006-2007","descripcio":"<p>Coordinada asimismo por la Instituci\u00f3n Catalana de Historia Natural, se plante\u00f3 una investigaci\u00f3n interdisciplinar sobre los sistemas naturales presentes en la zona que rodea la instalaci\u00f3n del centro conocido ahora como M\u00f3nNatura Pirineus con el objetivo de crear una infraestructura de informaci\u00f3n de base sobre la cual establecer criterios de gesti\u00f3n responsable del \u00e1rea estudiada. En particular, con respecto a la malacofauna, establecimos los objetivos b\u00e1sicos de describir el inventario faun\u00edstico, la distribuci\u00f3n geogr\u00e1fica de las especies y la valoraci\u00f3n de los organismos potencialmente indicadores de calidad ambiental. Adem\u00e1s se estudi\u00f3 la variabilidad faun\u00edstica en funci\u00f3n del gradiente altitudinal.<\/p>\n","documents_adjunts":false},{"titol":"Malacofauna del valle de Aliny\u00e0: inventario faun\u00edstico con vistas a la conservaci\u00f3n y gesti\u00f3n","any":"","responsable":"","financament":"Fundaci\u00f3n Territorio y Paisaje","durada":"2001-2003","descripcio":"<p>Coordinada por la Instituci\u00f3n Catalana de Historia Natural, se plante\u00f3 una investigaci\u00f3n interdisciplinar sobre los sistemas naturales presentes en la zona conocida como monta\u00f1a de Aliny\u00e0 con el objetivo de crear una infraestructura de informaci\u00f3n de base sobre la cual establecer criterios de gesti\u00f3n responsable del \u00e1rea estudiada. En particular, con respecto a la malacofauna, establecimos los objetivos de describir el inventario faun\u00edstico, la distribuci\u00f3n geogr\u00e1fica de las especies y la valoraci\u00f3n de los organismos potencialmente indicadores de calidad ambiental.<\/p>\n","documents_adjunts":false}],"nou_carrusel":false,"presenta_fills":"no","tambe_us_pot_interessar":"","text_alerta":"","presenta_peu":false},"jetpack_sharing_enabled":true,"_links":{"self":[{"href":"https:\/\/museuciencies.cat\/es\/wp-json\/wp\/v2\/pages\/15200","targetHints":{"allow":["GET"]}}],"collection":[{"href":"https:\/\/museuciencies.cat\/es\/wp-json\/wp\/v2\/pages"}],"about":[{"href":"https:\/\/museuciencies.cat\/es\/wp-json\/wp\/v2\/types\/page"}],"author":[{"embeddable":true,"href":"https:\/\/museuciencies.cat\/es\/wp-json\/wp\/v2\/users\/2"}],"replies":[{"embeddable":true,"href":"https:\/\/museuciencies.cat\/es\/wp-json\/wp\/v2\/comments?post=15200"}],"version-history":[{"count":0,"href":"https:\/\/museuciencies.cat\/es\/wp-json\/wp\/v2\/pages\/15200\/revisions"}],"up":[{"embeddable":true,"href":"https:\/\/museuciencies.cat\/es\/wp-json\/wp\/v2\/pages\/15191"}],"wp:attachment":[{"href":"https:\/\/museuciencies.cat\/es\/wp-json\/wp\/v2\/media?parent=15200"}],"curies":[{"name":"wp","href":"https:\/\/api.w.org\/{rel}","templated":true}]}}