{"id":14872,"date":"2013-03-31T12:07:52","date_gmt":"2013-03-31T12:07:52","guid":{"rendered":"http:\/\/museuciencies.cat\/visitanos\/jardi-botanic\/jardi-botanic-historic-2\/historia\/"},"modified":"2015-02-17T15:29:45","modified_gmt":"2015-02-17T15:29:45","slug":"historia","status":"publish","type":"page","link":"https:\/\/museuciencies.cat\/es\/el-nat\/las-sedes\/jardin-botanico-historico\/historia\/","title":{"rendered":"Historia"},"content":{"rendered":"<p>La Exposici\u00f3n Internacional de 1929 ofreci\u00f3 la primera gran oportunidad de afrontar el reto de integrar Montju\u00efc en la trama urbana de Barcelona. Se trataba de transformar la monta\u00f1a en un gran parque urbano, el segundo despu\u00e9s de la Ciutadella, capaz de acoger las principales instalaciones y equipamientos culturales de Catalu\u00f1a. Para la gran exposici\u00f3n se iniciaron algunos de los jardines m\u00e1s notables que, a\u00fan hoy, forman parte del patrimonio verde de la ciudad.<\/p>\n<div id=\"attachment_8309\" style=\"width: 625px\" class=\"wp-caption alignnone\"><a href=\"http:\/\/museuciencies.cat\/wp-content\/uploads\/cap\u00e7alerahistoriaJBH.jpg\"><img loading=\"lazy\" decoding=\"async\" aria-describedby=\"caption-attachment-8309\" data-attachment-id=\"8309\" data-permalink=\"https:\/\/museuciencies.cat\/es\/el-nat\/las-sedes\/jardin-botanico-historico\/historia\/capcalerahistoriajbh-4\/\" data-orig-file=\"https:\/\/museuciencies.cat\/wp-content\/uploads\/cap\u00e7alerahistoriaJBH.jpg\" data-orig-size=\"1500,1075\" data-comments-opened=\"0\" data-image-meta=\"{&quot;aperture&quot;:&quot;0&quot;,&quot;credit&quot;:&quot;&quot;,&quot;camera&quot;:&quot;&quot;,&quot;caption&quot;:&quot;&quot;,&quot;created_timestamp&quot;:&quot;0&quot;,&quot;copyright&quot;:&quot;&quot;,&quot;focal_length&quot;:&quot;0&quot;,&quot;iso&quot;:&quot;0&quot;,&quot;shutter_speed&quot;:&quot;0&quot;,&quot;title&quot;:&quot;&quot;}\" data-image-title=\"cap\u00e7alerahistoriaJBH\" data-image-description=\"\" data-image-caption=\"&lt;p&gt;Exposici\u00f3n Internacional de Barcelona. Vista a\u00e9rea de la instalaci\u00f3n de los ganaderos del Reino. Foto del Archivo Fotogr\u00e1fico de Barcelona.&lt;\/p&gt;\n\" data-medium-file=\"https:\/\/museuciencies.cat\/wp-content\/uploads\/cap\u00e7alerahistoriaJBH-615x440.jpg\" data-large-file=\"https:\/\/museuciencies.cat\/wp-content\/uploads\/cap\u00e7alerahistoriaJBH-1024x733.jpg\" class=\"size-medium wp-image-8309\" src=\"http:\/\/museuciencies.cat\/wp-content\/uploads\/cap\u00e7alerahistoriaJBH-615x440.jpg\" alt=\"Exposici\u00f3n Internacional de Barcelona. Vista a\u00e9rea de la instalaci\u00f3n de los ganaderos del Reino. Foto del Archivo Fotogr\u00e1fico de Barcelona.\" width=\"615\" height=\"440\" srcset=\"https:\/\/museuciencies.cat\/wp-content\/uploads\/cap\u00e7alerahistoriaJBH-615x440.jpg 615w, https:\/\/museuciencies.cat\/wp-content\/uploads\/cap\u00e7alerahistoriaJBH-1024x733.jpg 1024w, https:\/\/museuciencies.cat\/wp-content\/uploads\/cap\u00e7alerahistoriaJBH.jpg 1500w\" sizes=\"auto, (max-width: 615px) 100vw, 615px\" \/><\/a><p id=\"caption-attachment-8309\" class=\"wp-caption-text\">Exposici\u00f3n Internacional de Barcelona. Vista a\u00e9rea de la instalaci\u00f3n de los ganaderos del Reino. Foto del Archivo Fotogr\u00e1fico de Barcelona.<\/p><\/div>\n<p style=\"text-align: left;\">Francesc Camb\u00f3 encarg\u00f3 a <strong>J. C. N. Forestier<\/strong> el dise\u00f1o de los jardines que deb\u00edan rodear la Exposici\u00f3n. La influencia de Forestier en la jardiner\u00eda barcelonesa fue muy importante. Le debemos el dise\u00f1o de algunos de los mejores jardines de la ciudad, la introducci\u00f3n de numerosas especies nuevas \u2013entre las que destacan la tipuana (<em>Tipuana tipu<\/em>), el omb\u00fa (<em>Phytolacca dioica<\/em>), la jacaranda (<em>Jacaranda ovalifolia<\/em>) y la eritrina de Bentham (<em>Erythrina falcata<\/em>)\u2013 as\u00ed como la formaci\u00f3n, a trav\u00e9s de su disc\u00edpulo Nicolau M. Rubi\u00f3 i Tudur\u00ed, de una notable escuela de paisajismo y jardiner\u00eda.<\/p>\n<p>Con el impulso de la Exposici\u00f3n se encarg\u00f3 a <strong>Pius Font i Quer<\/strong> la construcci\u00f3n de un jard\u00edn bot\u00e1nico. En el a\u00f1o 1930, con m\u00e1s voluntad que dinero, Font i Quer empez\u00f3 a reunir una notable colecci\u00f3n de plantas end\u00e9micas y raras obtenidas especialmente en la pen\u00ednsula Ib\u00e9rica, en las islas Baleares y en Marruecos.<\/p>\n<p>En 1940, <strong>Antoni de Bol\u00f2s<\/strong> se hizo cargo de la direcci\u00f3n del Jard\u00edn e incorpor\u00f3 nuevas colecciones de plantas del Pirineo y de las islas Baleares. Ese mismo a\u00f1o se traslad\u00f3 al jard\u00edn el Instituto Bot\u00e1nico que, gracias a Font i Quer y a la Junta Municipal de Museos de Ciencias Naturales, acog\u00eda ya entonces los principales herbarios y la mejor biblioteca especializada en bot\u00e1nica de Catalu\u00f1a.<\/p>\n<p><strong>La inauguraci\u00f3n del Jard\u00ed Bot\u00e0nic Hist\u00f2rico<\/strong> se realiz\u00f3 el 17 julio de 1941. Pese a todas las dificultades, en \u00e9l se cultivaron algunas de las plantas m\u00e1s raras de las floras norteafricana y peninsular. Gracias a su actividad se pudo salvar de la extinci\u00f3n la lisimaquia menorquina, cultivada actualmente en numerosos jardines bot\u00e1nicos y reintroducida en sus poblaciones naturales en el a\u00f1o 1954, cuando Antoni de Bol\u00f2s inici\u00f3 y public\u00f3 la primera replantaci\u00f3n peninsular de una especie extinta.<\/p>\n<p>La necesidad de construir accesos para los nuevos equipamientos ol\u00edmpicos, en el a\u00f1o 1986, afect\u00f3 seriamente a la estabilidad de las paredes verticales del jard\u00edn e implic\u00f3 el cierre del mismo. Una vez ejecutados los correspondientes trabajos de restauraci\u00f3n y consolidaci\u00f3n, se abri\u00f3 nuevamente al p\u00fablico (s\u00f3lo el sector del Sot de l&#8217;Estany) en el mes de octubre de 2003. Desde noviembre de 2004, el \u00c1rea Metropolitana de Barcelona (AMB) gestiona su mantenimiento integral. Hoy, al cabo de m\u00e1s de setenta a\u00f1os de su plantaci\u00f3n, el Jard\u00ed Bot\u00e0nic Hist\u00f2ric muestra una agradecida respuesta al acierto de su creaci\u00f3n: un conjunto vegetal de dimensiones y calidad excepcionales.<\/p>\n","protected":false},"excerpt":{"rendered":"<p>La Exposici\u00f3n Internacional de 1929 ofreci\u00f3 la primera gran oportunidad de afrontar el reto de integrar Montju\u00efc en la trama urbana de Barcelona. Se trataba de transformar la monta\u00f1a en un gran parque urbano, el segundo despu\u00e9s de la Ciutadella, capaz de acoger las principales instalaciones y equipamientos culturales de Catalu\u00f1a. Para la gran exposici\u00f3n [&hellip;]<\/p>\n","protected":false},"author":2,"featured_media":0,"parent":14861,"menu_order":253,"comment_status":"closed","ping_status":"closed","template":"","meta":{"_acf_changed":false,"footnotes":""},"class_list":["post-14872","page","type-page","status-publish","hentry"],"acf":{"activeu_alerta":false,"arxius_adjunts":false,"boto_de_link_o_mail":false,"imatge_llistat":false,"img_cap":18892,"links_associats":false,"nou_carrusel":false,"presenta_fills":"no","tambe_us_pot_interessar":"","text_alerta":""},"jetpack_sharing_enabled":true,"_links":{"self":[{"href":"https:\/\/museuciencies.cat\/es\/wp-json\/wp\/v2\/pages\/14872","targetHints":{"allow":["GET"]}}],"collection":[{"href":"https:\/\/museuciencies.cat\/es\/wp-json\/wp\/v2\/pages"}],"about":[{"href":"https:\/\/museuciencies.cat\/es\/wp-json\/wp\/v2\/types\/page"}],"author":[{"embeddable":true,"href":"https:\/\/museuciencies.cat\/es\/wp-json\/wp\/v2\/users\/2"}],"replies":[{"embeddable":true,"href":"https:\/\/museuciencies.cat\/es\/wp-json\/wp\/v2\/comments?post=14872"}],"version-history":[{"count":0,"href":"https:\/\/museuciencies.cat\/es\/wp-json\/wp\/v2\/pages\/14872\/revisions"}],"up":[{"embeddable":true,"href":"https:\/\/museuciencies.cat\/es\/wp-json\/wp\/v2\/pages\/14861"}],"wp:attachment":[{"href":"https:\/\/museuciencies.cat\/es\/wp-json\/wp\/v2\/media?parent=14872"}],"curies":[{"name":"wp","href":"https:\/\/api.w.org\/{rel}","templated":true}]}}