{"id":13724,"date":"2013-02-27T18:22:05","date_gmt":"2013-02-27T18:22:05","guid":{"rendered":"http:\/\/museuciencies.cat\/visitanos\/museu-blau\/serveis-del-museu\/niu-de-ciencia\/"},"modified":"2024-10-08T11:43:02","modified_gmt":"2024-10-08T09:43:02","slug":"nido-de-ciencia","status":"publish","type":"page","link":"https:\/\/museuciencies.cat\/es\/el-nat\/las-sedes\/museo-de-ciencias-naturales-de-barcelona\/nido-de-ciencia\/","title":{"rendered":"Nido de ciencia"},"content":{"rendered":"<p>El\u00a0<strong>Niu (Nido) de Ciencia<\/strong> es un proyecto del Museo que fomenta el aprendizaje de las ciencias naturales desde la primera infancia y que reivindica la necesidad de considerar la franja de cero a seis a\u00f1os como capital en la estimulaci\u00f3n y el fomento de las vocaciones cient\u00edficas.<\/p>\n<p>El Nido ocupa un espacio permanente destinado a las ni\u00f1as y ni\u00f1os de entre cero y seis a\u00f1os, donde se llevan a cabo la mayor\u00eda de las acciones y actividades. Situado al lado del vest\u00edbulo del Museo, el Nido de Ciencia presenta curiosidades de la naturaleza y materiales sugerentes que tienen por objetivo provocar, de forma espont\u00e1nea, el surgimiento de hip\u00f3tesis, ideas, preguntas y dudas, ante las que se pueden tomar distintas iniciativas, y poner en valor el proceso de investigaci\u00f3n y el m\u00e9todo cient\u00edfico.<\/p>\n<p>La finalidad es romper con la idea de preguntas de respuesta \u00fanica, introducir la metodolog\u00eda cient\u00edfica y ayudar a compartir entre ni\u00f1as y ni\u00f1os y personas adultas una interacci\u00f3n positiva alrededor de un objetivo com\u00fan: investigar la respuesta a las preguntas que nos podamos plantear.<\/p>\n<p>El Nido de Ciencia forma parte del programa de inclusi\u00f3n del Museo.<\/p>\n<h3>El Niu de Ciencia Familiar<\/h3>\n<p>Actividad de descubrimiento con la familia para que ni\u00f1as y ni\u00f1os de cero a seis a\u00f1os puedan descubrir libremente los materiales naturales que encontrar\u00e1n a su alcance.<\/p>\n<p>Los ni\u00f1os y ni\u00f1as, acompa\u00f1ados de una persona adulta tendr\u00e1n a su alcance materiales naturales sugerentes que tienen por objetivo provocar, de forma espont\u00e1nea, el surgimiento de hip\u00f3tesis, ideas, preguntas, dudas\u2026<\/p>\n<p><strong>Horario:<\/strong><\/p>\n<ul>\n<li>Fines de <a href=\"https:\/\/museuciencies.cat\/activitats\/niu-de-ciencia-2022-03-05\/\" target=\"_blank\" rel=\"noopener\">semana<\/a>:\n<ul>\n<li>S\u00e1bados, de 11 a 14 h.<\/li>\n<li>Domingos, de 11 a 14 h y de 16 a 19 h.<\/li>\n<\/ul>\n<\/li>\n<li>Horarios especiales en d\u00edas festivos y periodos de vacaciones escolares ( Navidad y verano). Consultad la <a href=\"https:\/\/museuciencies.cat\/visitans\/activitats-per\/tots-els-publics\/\" target=\"_blank\" rel=\"noopener\">agenda de actividades<\/a> del Museo.<\/li>\n<\/ul>\n<p>NO ES NECESSARIA LA INSCRIPCI\u00d3N PREVIA. La inscripci\u00f3n hay que realizarla en el mostrador de las taquillas del Museo el mismo d\u00eda de la visita. Cada sesi\u00f3n tiene una duraci\u00f3n de 30 minutos.<\/p>\n<p class=\"jetpack-slideshow-noscript robots-nocontent\">El pase de diapositivas requiere JavaScript.<\/p><div id=\"gallery-13724-1-slideshow\" class=\"jetpack-slideshow-window jetpack-slideshow jetpack-slideshow-black\" data-trans=\"fade\" data-autostart=\"1\" data-gallery=\"[{&quot;src&quot;:&quot;https:\\\/\\\/museuciencies.cat\\\/wp-content\\\/uploads\\\/Museu-Blau-09.jpg&quot;,&quot;id&quot;:&quot;29749&quot;,&quot;title&quot;:&quot;Museu Blau 09&quot;,&quot;alt&quot;:&quot;&quot;,&quot;caption&quot;:&quot;&quot;,&quot;itemprop&quot;:&quot;image&quot;},{&quot;src&quot;:&quot;https:\\\/\\\/museuciencies.cat\\\/wp-content\\\/uploads\\\/Museu-Blau-06.jpg&quot;,&quot;id&quot;:&quot;29745&quot;,&quot;title&quot;:&quot;Museu Blau 06&quot;,&quot;alt&quot;:&quot;&quot;,&quot;caption&quot;:&quot;&quot;,&quot;itemprop&quot;:&quot;image&quot;},{&quot;src&quot;:&quot;https:\\\/\\\/museuciencies.cat\\\/wp-content\\\/uploads\\\/Museu-Blau-04.jpg&quot;,&quot;id&quot;:&quot;29741&quot;,&quot;title&quot;:&quot;Museu Blau 04&quot;,&quot;alt&quot;:&quot;&quot;,&quot;caption&quot;:&quot;&quot;,&quot;itemprop&quot;:&quot;image&quot;}]\" itemscope itemtype=\"https:\/\/schema.org\/ImageGallery\"><\/div>\n<h3>El Niu Escolar<\/h3>\n<p>Dentro del Nido de Ciencia se desarrollan varias actividades escolares donde los objetivos, contenidos y competencias que se trabajan se dirigen a ni\u00f1os de dos a seis a\u00f1os.<\/p>\n<p>Las actividades fomentan que las ni\u00f1as y ni\u00f1os exploren de forma aut\u00f3noma; as\u00ed, sus sentidos, su curiosidad y las preguntas que les surgen los llevan a iniciar caminos de investigaci\u00f3n sobre el mundo natural que los rodea.<\/p>\n<p>Pod\u00e9is consultar las actividades del Nido de Ciencia que realizamos en semanas de programaci\u00f3n especial en\u00a0<a href=\"https:\/\/edunat.museuciencies.cat\/\" target=\"_blank\" rel=\"noopener\">edunat.museuciencies.cat<\/a>.<\/p>\n<h3>El Niu Volant<\/h3>\n<p>Para los ni\u00f1os de guarder\u00eda disponemos del\u00a0<a href=\"https:\/\/edunat.museuciencies.cat\/inclusio\/el-niu-volant\/\" target=\"_blank\" rel=\"noopener\"><strong>Niu Volant<\/strong><\/a>, un contenedor transportable con todos los materiales necesarios en su interior para realizar diferentes propuestas did\u00e1cticas en las aulas de las escuelas. Los equipos docentes de las guarder\u00edas se quedan este material durante cuatro semanas y cuentan con el acompa\u00f1amiento y asesoramiento del equipo educativo del Museo.<\/p>\n<h3>El Niu Formador<\/h3>\n<p>Actividad dirigida a los grupos de estudios universitarios o de ciclo formativo, equipos docentes de guarder\u00edas o de ciclo infantil para dar a conocer la metodolog\u00eda did\u00e1ctica del Nido.<\/p>\n<p>M\u00e1s informaci\u00f3n:\u00a0<a href=\"https:\/\/edunat.museuciencies.cat\/activitat\/com-fem-el-niu\/\" target=\"_blank\" rel=\"noopener\">\u00bfC\u00f3mo hacemos el Nido?<\/a>.<\/p>\n","protected":false},"excerpt":{"rendered":"<p>El\u00a0Niu (Nido) de Ciencia es un proyecto del Museo que fomenta el aprendizaje de las ciencias naturales desde la primera infancia y que reivindica la necesidad de considerar la franja de cero a seis a\u00f1os como capital en la estimulaci\u00f3n y el fomento de las vocaciones cient\u00edficas. El Nido ocupa un espacio permanente destinado a [&hellip;]<\/p>\n","protected":false},"author":1,"featured_media":0,"parent":12870,"menu_order":296,"comment_status":"closed","ping_status":"closed","template":"","meta":{"_acf_changed":false,"footnotes":""},"class_list":["post-13724","page","type-page","status-publish","hentry"],"acf":{"activeu_alerta":false,"arxius_adjunts":false,"boto_de_link_o_mail":false,"imatge_llistat":false,"img_cap":8119,"links_associats":false,"nou_carrusel":false,"presenta_fills":"no","tambe_us_pot_interessar":"","text_alerta":"","presenta_peu":false,"segona_part":""},"jetpack_sharing_enabled":true,"_links":{"self":[{"href":"https:\/\/museuciencies.cat\/es\/wp-json\/wp\/v2\/pages\/13724","targetHints":{"allow":["GET"]}}],"collection":[{"href":"https:\/\/museuciencies.cat\/es\/wp-json\/wp\/v2\/pages"}],"about":[{"href":"https:\/\/museuciencies.cat\/es\/wp-json\/wp\/v2\/types\/page"}],"author":[{"embeddable":true,"href":"https:\/\/museuciencies.cat\/es\/wp-json\/wp\/v2\/users\/1"}],"replies":[{"embeddable":true,"href":"https:\/\/museuciencies.cat\/es\/wp-json\/wp\/v2\/comments?post=13724"}],"version-history":[{"count":2,"href":"https:\/\/museuciencies.cat\/es\/wp-json\/wp\/v2\/pages\/13724\/revisions"}],"predecessor-version":[{"id":112943,"href":"https:\/\/museuciencies.cat\/es\/wp-json\/wp\/v2\/pages\/13724\/revisions\/112943"}],"up":[{"embeddable":true,"href":"https:\/\/museuciencies.cat\/es\/wp-json\/wp\/v2\/pages\/12870"}],"wp:attachment":[{"href":"https:\/\/museuciencies.cat\/es\/wp-json\/wp\/v2\/media?parent=13724"}],"curies":[{"name":"wp","href":"https:\/\/api.w.org\/{rel}","templated":true}]}}