{"id":12958,"date":"2014-10-02T18:17:19","date_gmt":"2014-10-02T18:17:19","guid":{"rendered":"http:\/\/museuciencies.cat\/?page_id=12958"},"modified":"2024-01-30T18:04:58","modified_gmt":"2024-01-30T16:04:58","slug":"islas-de-ciencia","status":"publish","type":"page","link":"https:\/\/museuciencies.cat\/es\/el-nat\/las-sedes\/museo-de-ciencias-naturales-de-barcelona\/exposicion-planeta-vida\/islas-de-ciencia\/","title":{"rendered":"Islas de ciencia"},"content":{"rendered":"<p>Son recintos independientes, de 40 a 100 metros cuadrados, que se encuentran a lo largo de la exposici\u00f3n \u00abPlaneta Vida\u00bb y explican aspectos espec\u00edficos de la naturaleza y de su relaci\u00f3n con los humanos.<\/p>\n<h3>Islas de ciencia que se pueden ver:<\/h3>\n<ul>\n<li><strong>Clasificaci\u00f3n y nomenclatura<\/strong><\/li>\n<\/ul>\n<p>Ilustra sobre la manera de reconocer a los seres vivos, a los que se pone un nombre que sea universal, y de relacionarlos con el resto de seres vivos a partir de sus or\u00edgenes evolutivos.<\/p>\n<div id=\"attachment_5293\" style=\"width: 536px\" class=\"wp-caption aligncenter\"><img loading=\"lazy\" decoding=\"async\" aria-describedby=\"caption-attachment-5293\" data-attachment-id=\"5293\" data-permalink=\"https:\/\/museuciencies.cat\/es\/el-nat\/las-sedes\/museo-de-ciencias-naturales-de-barcelona\/exposicion-planeta-vida\/islas-de-ciencia\/illes_de_ciencia_classificacio_1_jm_llobet-4\/\" data-orig-file=\"https:\/\/museuciencies.cat\/wp-content\/uploads\/Illes_de_Ciencia_Classificacio_1_JM_Llobet.jpg\" data-orig-size=\"526,335\" data-comments-opened=\"0\" data-image-meta=\"{&quot;aperture&quot;:&quot;0&quot;,&quot;credit&quot;:&quot;&quot;,&quot;camera&quot;:&quot;&quot;,&quot;caption&quot;:&quot;&quot;,&quot;created_timestamp&quot;:&quot;0&quot;,&quot;copyright&quot;:&quot;&quot;,&quot;focal_length&quot;:&quot;0&quot;,&quot;iso&quot;:&quot;0&quot;,&quot;shutter_speed&quot;:&quot;0&quot;,&quot;title&quot;:&quot;&quot;}\" data-image-title=\"Illes_de_Ciencia_Classificacio_1_JM_Llobet\" data-image-description=\"\" data-image-caption=\"&lt;p&gt;Clasificaci\u00f3n y Nomenclatura: J. M. Llobet \/ museuciencies&lt;\/p&gt;\n\" data-medium-file=\"https:\/\/museuciencies.cat\/wp-content\/uploads\/Illes_de_Ciencia_Classificacio_1_JM_Llobet.jpg\" data-large-file=\"https:\/\/museuciencies.cat\/wp-content\/uploads\/Illes_de_Ciencia_Classificacio_1_JM_Llobet.jpg\" class=\"size-full wp-image-5293\" src=\"https:\/\/museuciencies.cat\/wp-content\/uploads\/Illes_de_Ciencia_Classificacio_1_JM_Llobet.jpg\" alt=\"\" width=\"526\" height=\"335\" \/><p id=\"caption-attachment-5293\" class=\"wp-caption-text\">Clasificaci\u00f3n y Nomenclatura: J. M. Llobet \/ museuciencies<\/p><\/div>\n<p>La sistem\u00e1tica y la taxonom\u00eda son disciplinas anal\u00edticas arraigadas en el conocimiento evolutivo del mundo vivo; la clasificaci\u00f3n y la nomenclatura cient\u00edficas son el escaparate que resume de forma pr\u00e1ctica el conocimiento acumulado sobre la diversidad biol\u00f3gica.<\/p>\n<ul>\n<li style=\"list-style-type: none;\">\n<ul>\n<li>Navega por las colecciones georreferenciadas del Museo: <a title=\"Taxomap\" href=\"http:\/\/taxomap.bioexplora.cat\/taxomap.php\">Taxo&amp;Map<\/a><\/li>\n<li>Consulta las colecciones destacadas del Museo: <a title=\"Wikicollecta\" href=\"http:\/\/www.bioexplora.cat\/WIKICOLLECTA\/\" target=\"_blank\" rel=\"noopener\">Wikicollecta<\/a><\/li>\n<\/ul>\n<\/li>\n<\/ul>\n<ul>\n<li><strong>Comportamiento animal<\/strong><\/li>\n<\/ul>\n<p>\u00bfPor qu\u00e9 hay animales sociales y animales territoriales? \u00bfEn qu\u00e9 se fija una hembra en el momento de elegir pareja? \u00bfLos animales pueden mentir? \u00bfExiste el altruismo en la naturaleza? El n\u00famero de amigos que puede tener un individuo, \u00bftiene alg\u00fan l\u00edmite? \u00bfLas hembras pueden elegir el sexo de sus hijos? Estas son algunas de las muchas preguntas a las que la etolog\u00eda intenta dar respuesta y que podr\u00e1s descubrir en este espacio.<\/p>\n<p class=\"jetpack-slideshow-noscript robots-nocontent\">El pase de diapositivas requiere JavaScript.<\/p><div id=\"gallery-12958-1-slideshow\" class=\"jetpack-slideshow-window jetpack-slideshow jetpack-slideshow-black\" data-trans=\"fade\" data-autostart=\"1\" data-gallery=\"[{&quot;src&quot;:&quot;https:\\\/\\\/museuciencies.cat\\\/wp-content\\\/uploads\\\/Illes_de_Ciencia_Comportament_1_JM_Llobet.jpg&quot;,&quot;id&quot;:&quot;5298&quot;,&quot;title&quot;:&quot;Illes_de_Ciencia_Comportament_1_JM_Llobet&quot;,&quot;alt&quot;:&quot;&quot;,&quot;caption&quot;:&quot;Comportamiento animal: J. M. Llobet \\\/ museuciencies&quot;,&quot;itemprop&quot;:&quot;image&quot;},{&quot;src&quot;:&quot;https:\\\/\\\/museuciencies.cat\\\/wp-content\\\/uploads\\\/Illes_de_Ciencia_Comportament_3_JM_Llobet.jpg&quot;,&quot;id&quot;:&quot;5302&quot;,&quot;title&quot;:&quot;Illes_de_Ciencia_Comportament_3_JM_Llobet&quot;,&quot;alt&quot;:&quot;&quot;,&quot;caption&quot;:&quot;Comportamiento animal: J. M. Llobet \\\/ museuciencies&quot;,&quot;itemprop&quot;:&quot;image&quot;}]\" itemscope itemtype=\"https:\/\/schema.org\/ImageGallery\"><\/div>\n<ul>\n<li><strong>Evoluci\u00f3n<\/strong><\/li>\n<\/ul>\n<p>La finalidad de este espacio es divulgar una teor\u00eda cient\u00edfica que constituye el eje principal de toda la biolog\u00eda y relaciona a los seres vivos desde sus or\u00edgenes. Al mismo tiempo, pretende aclarar confusiones habituales sobre el concepto de evoluci\u00f3n<\/p>\n<p class=\"jetpack-slideshow-noscript robots-nocontent\">El pase de diapositivas requiere JavaScript.<\/p><div id=\"gallery-12958-2-slideshow\" class=\"jetpack-slideshow-window jetpack-slideshow jetpack-slideshow-black\" data-trans=\"fade\" data-autostart=\"1\" data-gallery=\"[{&quot;src&quot;:&quot;https:\\\/\\\/museuciencies.cat\\\/wp-content\\\/uploads\\\/Illes_de_Ciencia_Evolucio_4_JM_Llobet.jpg&quot;,&quot;id&quot;:&quot;5311&quot;,&quot;title&quot;:&quot;Illes_de_Ciencia_Evolucio_4_JM_Llobet&quot;,&quot;alt&quot;:&quot;&quot;,&quot;caption&quot;:&quot;Evoluci\\u00f3n: J. M. Llobet \\\/ museuciencies&quot;,&quot;itemprop&quot;:&quot;image&quot;},{&quot;src&quot;:&quot;https:\\\/\\\/museuciencies.cat\\\/wp-content\\\/uploads\\\/Illes_de_Ciencia_Evolucio_2_JM_Llobet.jpg&quot;,&quot;id&quot;:&quot;5319&quot;,&quot;title&quot;:&quot;Illes_de_Ciencia_Evolucio_2_JM_Llobet&quot;,&quot;alt&quot;:&quot;&quot;,&quot;caption&quot;:&quot;Evoluci\\u00f3n: J. M. Llobet \\\/ museuciencies&quot;,&quot;itemprop&quot;:&quot;image&quot;}]\" itemscope itemtype=\"https:\/\/schema.org\/ImageGallery\"><\/div>\n<ul>\n<li><strong>Gabinete Salvador<\/strong><\/li>\n<\/ul>\n<p>Esta isla es una r\u00e9plica a escala real del <a href=\"https:\/\/museuciencies.cat\/es\/el-nat\/las-sedes\/jardin-botanico-de-barcelona\/gabinet-salvador\/\" target=\"_blank\" rel=\"noopener\">Gabinete Salvador.<\/a><\/p>\n<p>La r\u00e9plica a escala real del Gabinete Salvador y los objetos que all\u00ed se exponen permiten revivir las sensaciones de los pocos privilegiados que hace muchos a\u00f1os disfrutaron de una visita al gabinete, descubrieron la actividad cient\u00edfica que implicaba mantener colecciones y conocieron las controversias cient\u00edficas que se generaban alrededor de los f\u00f3siles y otros espec\u00edmenes antes de la aparici\u00f3n de la teor\u00eda de la evoluci\u00f3n de Charles Darwin.<\/p>\n<p class=\"jetpack-slideshow-noscript robots-nocontent\">El pase de diapositivas requiere JavaScript.<\/p><div id=\"gallery-12958-3-slideshow\" class=\"jetpack-slideshow-window jetpack-slideshow jetpack-slideshow-black\" data-trans=\"fade\" data-autostart=\"1\" data-gallery=\"[{&quot;src&quot;:&quot;https:\\\/\\\/museuciencies.cat\\\/wp-content\\\/uploads\\\/2021\\\/03\\\/Illa-Salvador-10-scaled.jpg&quot;,&quot;id&quot;:&quot;75763&quot;,&quot;title&quot;:&quot;Illa Salvador 10&quot;,&quot;alt&quot;:&quot;&quot;,&quot;caption&quot;:&quot;cc JM de Llobet\\\/MCNB&quot;,&quot;itemprop&quot;:&quot;image&quot;},{&quot;src&quot;:&quot;https:\\\/\\\/museuciencies.cat\\\/wp-content\\\/uploads\\\/2021\\\/03\\\/Illa-Salvador-04-scaled.jpg&quot;,&quot;id&quot;:&quot;75739&quot;,&quot;title&quot;:&quot;Illa Salvador 04&quot;,&quot;alt&quot;:&quot;&quot;,&quot;caption&quot;:&quot;cc JM de Llobet\\\/MCNB&quot;,&quot;itemprop&quot;:&quot;image&quot;},{&quot;src&quot;:&quot;https:\\\/\\\/museuciencies.cat\\\/wp-content\\\/uploads\\\/2021\\\/03\\\/Illa-Salvador-03-scaled.jpg&quot;,&quot;id&quot;:&quot;75735&quot;,&quot;title&quot;:&quot;Illa Salvador 03&quot;,&quot;alt&quot;:&quot;&quot;,&quot;caption&quot;:&quot;cc JM de Llobet\\\/MCNB&quot;,&quot;itemprop&quot;:&quot;image&quot;},{&quot;src&quot;:&quot;https:\\\/\\\/museuciencies.cat\\\/wp-content\\\/uploads\\\/2021\\\/03\\\/Illa-Salvador-14-scaled.jpg&quot;,&quot;id&quot;:&quot;75779&quot;,&quot;title&quot;:&quot;Illa Salvador 14&quot;,&quot;alt&quot;:&quot;&quot;,&quot;caption&quot;:&quot;cc JM de Llobet\\\/MCNB&quot;,&quot;itemprop&quot;:&quot;image&quot;},{&quot;src&quot;:&quot;https:\\\/\\\/museuciencies.cat\\\/wp-content\\\/uploads\\\/2021\\\/03\\\/Illa-Salvador-02-scaled.jpg&quot;,&quot;id&quot;:&quot;75731&quot;,&quot;title&quot;:&quot;Illa Salvador 02&quot;,&quot;alt&quot;:&quot;&quot;,&quot;caption&quot;:&quot;cc JM de Llobet\\\/MCNB&quot;,&quot;itemprop&quot;:&quot;image&quot;},{&quot;src&quot;:&quot;https:\\\/\\\/museuciencies.cat\\\/wp-content\\\/uploads\\\/2021\\\/03\\\/Illa-Salvador-13-scaled.jpg&quot;,&quot;id&quot;:&quot;75775&quot;,&quot;title&quot;:&quot;Illa Salvador 13&quot;,&quot;alt&quot;:&quot;&quot;,&quot;caption&quot;:&quot;cc JM de Llobet\\\/MCNB&quot;,&quot;itemprop&quot;:&quot;image&quot;},{&quot;src&quot;:&quot;https:\\\/\\\/museuciencies.cat\\\/wp-content\\\/uploads\\\/2021\\\/03\\\/Illa-Salvador-12-scaled.jpg&quot;,&quot;id&quot;:&quot;75771&quot;,&quot;title&quot;:&quot;Illa Salvador 12&quot;,&quot;alt&quot;:&quot;&quot;,&quot;caption&quot;:&quot;cc JM de Llobet\\\/MCNB&quot;,&quot;itemprop&quot;:&quot;image&quot;},{&quot;src&quot;:&quot;https:\\\/\\\/museuciencies.cat\\\/wp-content\\\/uploads\\\/2021\\\/03\\\/Illa-Salvador-09-scaled.jpg&quot;,&quot;id&quot;:&quot;75759&quot;,&quot;title&quot;:&quot;Illa Salvador 09&quot;,&quot;alt&quot;:&quot;&quot;,&quot;caption&quot;:&quot;cc JM de Llobet\\\/MCNB&quot;,&quot;itemprop&quot;:&quot;image&quot;},{&quot;src&quot;:&quot;https:\\\/\\\/museuciencies.cat\\\/wp-content\\\/uploads\\\/2021\\\/03\\\/Illa-Salvador-06-scaled.jpg&quot;,&quot;id&quot;:&quot;75747&quot;,&quot;title&quot;:&quot;Illa Salvador 06&quot;,&quot;alt&quot;:&quot;&quot;,&quot;caption&quot;:&quot;cc JM de Llobet\\\/MCNB&quot;,&quot;itemprop&quot;:&quot;image&quot;}]\" itemscope itemtype=\"https:\/\/schema.org\/ImageGallery\"><\/div>\n<p>Despu\u00e9s de visitar la r\u00e9plica del Gabinete Salvador en el Parc del F\u00f2rum, es muy recomendable visitar el gabinete original, que se expone en el <a href=\"https:\/\/www.ibb.csic.es\/es\/colecciones\/gabinete-salvador\/\" target=\"_blank\" rel=\"noopener\">Instituto Bot\u00e1nico de Barcelona<\/a>.<\/p>\n<ul>\n<li><strong>Biodiversidad en Catalu\u00f1a<\/strong><\/li>\n<\/ul>\n<p>Este espacio expositivo consta de tres partes. La primera explica qu\u00e9 es la biodiversidad, cu\u00e1les son sus componentes, por qu\u00e9 hay tantas especies y la importancia que tiene toda esta riqueza. La segunda parte se centra en la biodiversidad en Catalu\u00f1a, a trav\u00e9s de varias proyecciones de gran formato, donde se muestra la diversidad de especies, h\u00e1bitats y paisajes de nuestro pa\u00eds. Finalmente, la tercera parte incide en el grave problema de la p\u00e9rdida de biodiversidad, sus causas, sus efectos sobre el planeta y nuestra calidad de vida, para acabar haciendo un llamamiento a la acci\u00f3n urgente y radical para revertir esta situaci\u00f3n insostenible.<\/p>\n<p class=\"jetpack-slideshow-noscript robots-nocontent\">El pase de diapositivas requiere JavaScript.<\/p><div id=\"gallery-12958-4-slideshow\" class=\"jetpack-slideshow-window jetpack-slideshow jetpack-slideshow-black\" data-trans=\"fade\" data-autostart=\"1\" data-gallery=\"[{&quot;src&quot;:&quot;https:\\\/\\\/museuciencies.cat\\\/wp-content\\\/uploads\\\/2021\\\/09\\\/20210907_105335-scaled.jpg&quot;,&quot;id&quot;:&quot;80272&quot;,&quot;title&quot;:&quot;20210907_105335&quot;,&quot;alt&quot;:&quot;&quot;,&quot;caption&quot;:&quot;Isla de la Biodiversidad en Catalu\\u00f1a&quot;,&quot;itemprop&quot;:&quot;image&quot;},{&quot;src&quot;:&quot;https:\\\/\\\/museuciencies.cat\\\/wp-content\\\/uploads\\\/2021\\\/09\\\/20210907_105507-scaled.jpg&quot;,&quot;id&quot;:&quot;80276&quot;,&quot;title&quot;:&quot;20210907_105507&quot;,&quot;alt&quot;:&quot;&quot;,&quot;caption&quot;:&quot;Isla de la Biodiversidad en Catalu\\u00f1a&quot;,&quot;itemprop&quot;:&quot;image&quot;},{&quot;src&quot;:&quot;https:\\\/\\\/museuciencies.cat\\\/wp-content\\\/uploads\\\/2021\\\/09\\\/Sin-titulo-3.jpg&quot;,&quot;id&quot;:&quot;80292&quot;,&quot;title&quot;:&quot;Sin-t\\u00edtulo-3&quot;,&quot;alt&quot;:&quot;&quot;,&quot;caption&quot;:&quot;Isla de la Biodiversidad en Catalu\\u00f1a&quot;,&quot;itemprop&quot;:&quot;image&quot;},{&quot;src&quot;:&quot;https:\\\/\\\/museuciencies.cat\\\/wp-content\\\/uploads\\\/2021\\\/09\\\/Sin-titulo-1.jpg&quot;,&quot;id&quot;:&quot;80284&quot;,&quot;title&quot;:&quot;Sin-t\\u00edtulo-1&quot;,&quot;alt&quot;:&quot;&quot;,&quot;caption&quot;:&quot;Isla de la Biodiversidad en Catalu\\u00f1a&quot;,&quot;itemprop&quot;:&quot;image&quot;},{&quot;src&quot;:&quot;https:\\\/\\\/museuciencies.cat\\\/wp-content\\\/uploads\\\/2021\\\/09\\\/20210907_105000-scaled.jpg&quot;,&quot;id&quot;:&quot;80260&quot;,&quot;title&quot;:&quot;20210907_105000&quot;,&quot;alt&quot;:&quot;&quot;,&quot;caption&quot;:&quot;Isla de la Biodiversidad en Catalu\\u00f1a&quot;,&quot;itemprop&quot;:&quot;image&quot;},{&quot;src&quot;:&quot;https:\\\/\\\/museuciencies.cat\\\/wp-content\\\/uploads\\\/2021\\\/09\\\/20210907_105531-scaled.jpg&quot;,&quot;id&quot;:&quot;80280&quot;,&quot;title&quot;:&quot;20210907_105531&quot;,&quot;alt&quot;:&quot;imatge dels plafons de la illa de biodiversitat a Catalunya&quot;,&quot;caption&quot;:&quot;Isla de la Biodiversidad en Catalu\\u00f1a&quot;,&quot;itemprop&quot;:&quot;image&quot;},{&quot;src&quot;:&quot;https:\\\/\\\/museuciencies.cat\\\/wp-content\\\/uploads\\\/2021\\\/09\\\/20210907_104909-scaled.jpg&quot;,&quot;id&quot;:&quot;80256&quot;,&quot;title&quot;:&quot;20210907_104909&quot;,&quot;alt&quot;:&quot;&quot;,&quot;caption&quot;:&quot;Isla de la Biodiversidad en Catalu\\u00f1a&quot;,&quot;itemprop&quot;:&quot;image&quot;},{&quot;src&quot;:&quot;https:\\\/\\\/museuciencies.cat\\\/wp-content\\\/uploads\\\/2021\\\/09\\\/20210907_105015-scaled.jpg&quot;,&quot;id&quot;:&quot;80264&quot;,&quot;title&quot;:&quot;20210907_105015&quot;,&quot;alt&quot;:&quot;&quot;,&quot;caption&quot;:&quot;Isla de la Biodiversidad en Catalu\\u00f1a&quot;,&quot;itemprop&quot;:&quot;image&quot;},{&quot;src&quot;:&quot;https:\\\/\\\/museuciencies.cat\\\/wp-content\\\/uploads\\\/2021\\\/09\\\/Sin-titulo-2.jpg&quot;,&quot;id&quot;:&quot;80288&quot;,&quot;title&quot;:&quot;Sin-t\\u00edtulo-2&quot;,&quot;alt&quot;:&quot;&quot;,&quot;caption&quot;:&quot;Isla de la Biodiversidad en Catalu\\u00f1a&quot;,&quot;itemprop&quot;:&quot;image&quot;},{&quot;src&quot;:&quot;https:\\\/\\\/museuciencies.cat\\\/wp-content\\\/uploads\\\/2021\\\/09\\\/20210907_105249-scaled.jpg&quot;,&quot;id&quot;:&quot;80268&quot;,&quot;title&quot;:&quot;20210907_105249&quot;,&quot;alt&quot;:&quot;&quot;,&quot;caption&quot;:&quot;Isla de la Biodiversidad en Catalu\\u00f1a&quot;,&quot;itemprop&quot;:&quot;image&quot;},{&quot;src&quot;:&quot;https:\\\/\\\/museuciencies.cat\\\/wp-content\\\/uploads\\\/2021\\\/09\\\/Sin-titulo-4.jpg&quot;,&quot;id&quot;:&quot;80296&quot;,&quot;title&quot;:&quot;Sin-t\\u00edtulo-4&quot;,&quot;alt&quot;:&quot;&quot;,&quot;caption&quot;:&quot;Isla de la Biodiversidad en Catalu\\u00f1a&quot;,&quot;itemprop&quot;:&quot;image&quot;}]\" itemscope itemtype=\"https:\/\/schema.org\/ImageGallery\"><\/div>\n<ul>\n<li><strong>El trabajo que no se ve<\/strong><\/li>\n<\/ul>\n<p>Esta espacio expositivo quiere poner en valor los procesos de trabajo y las herramientas que se utilizan para que las colecciones sirvan a la comunidad cient\u00edfica y a la sociedad en general. Con este objetivo se lleva a cabo un trabajo de recolecci\u00f3n, preparaci\u00f3n, documentaci\u00f3n, conservaci\u00f3n y estudio que a menudo queda escondido. Un total de diez equipos distintos de profesionales, integrados por personas con diferentes formaciones como biolog\u00eda, geolog\u00eda, paleontolog\u00eda, documentaci\u00f3n, conservaci\u00f3n, restauraci\u00f3n o inform\u00e1tica, lo hacen posible.<\/p>\n<p>Te invitamos a mirar por este agujero de cerradura y acercarse a los laboratorios cient\u00edficos del Museo.<\/p>\n<p><img loading=\"lazy\" decoding=\"async\" data-attachment-id=\"108351\" data-permalink=\"https:\/\/museuciencies.cat\/es\/el-nat\/las-sedes\/museo-de-ciencias-naturales-de-barcelona\/exposicion-planeta-vida\/islas-de-ciencia\/20240130_122143-2\/\" data-orig-file=\"https:\/\/museuciencies.cat\/wp-content\/uploads\/2024\/01\/20240130_122143-scaled-e1706630279147.jpg\" data-orig-size=\"2560,1440\" data-comments-opened=\"0\" data-image-meta=\"{&quot;aperture&quot;:&quot;0&quot;,&quot;credit&quot;:&quot;&quot;,&quot;camera&quot;:&quot;&quot;,&quot;caption&quot;:&quot;&quot;,&quot;created_timestamp&quot;:&quot;0&quot;,&quot;copyright&quot;:&quot;&quot;,&quot;focal_length&quot;:&quot;0&quot;,&quot;iso&quot;:&quot;0&quot;,&quot;shutter_speed&quot;:&quot;0&quot;,&quot;title&quot;:&quot;&quot;,&quot;orientation&quot;:&quot;0&quot;}\" data-image-title=\"20240130_122143\" data-image-description=\"\" data-image-caption=\"\" data-medium-file=\"https:\/\/museuciencies.cat\/wp-content\/uploads\/2024\/01\/20240130_122143-615x346.jpg\" data-large-file=\"https:\/\/museuciencies.cat\/wp-content\/uploads\/2024\/01\/20240130_122143-1024x576.jpg\" class=\"aligncenter size-medium wp-image-108351\" src=\"https:\/\/museuciencies.cat\/wp-content\/uploads\/2024\/01\/20240130_122143-scaled-e1706630279147.jpg\" alt=\"\" width=\"615\" height=\"346\" \/><\/p>\n","protected":false},"excerpt":{"rendered":"<p>Son recintos independientes, de 40 a 100 metros cuadrados, que se encuentran a lo largo de la exposici\u00f3n \u00abPlaneta Vida\u00bb y explican aspectos espec\u00edficos de la naturaleza y de su relaci\u00f3n con los humanos. Islas de ciencia que se pueden ver: Clasificaci\u00f3n y nomenclatura Ilustra sobre la manera de reconocer a los seres vivos, a [&hellip;]<\/p>\n","protected":false},"author":3,"featured_media":0,"parent":12945,"menu_order":284,"comment_status":"closed","ping_status":"closed","template":"","meta":{"_acf_changed":false,"footnotes":""},"class_list":["post-12958","page","type-page","status-publish","hentry"],"acf":{"tambe_us_pot_interessar":"","img_cap":5285,"imatge_llistat":false,"nou_carrusel":false,"boto_de_link_o_mail":false,"arxius_adjunts":false,"links_associats":false,"presenta_fills":"si","activeu_alerta":false,"text_alerta":"","segona_part":"","presenta_peu":false},"jetpack_sharing_enabled":true,"_links":{"self":[{"href":"https:\/\/museuciencies.cat\/es\/wp-json\/wp\/v2\/pages\/12958","targetHints":{"allow":["GET"]}}],"collection":[{"href":"https:\/\/museuciencies.cat\/es\/wp-json\/wp\/v2\/pages"}],"about":[{"href":"https:\/\/museuciencies.cat\/es\/wp-json\/wp\/v2\/types\/page"}],"author":[{"embeddable":true,"href":"https:\/\/museuciencies.cat\/es\/wp-json\/wp\/v2\/users\/3"}],"replies":[{"embeddable":true,"href":"https:\/\/museuciencies.cat\/es\/wp-json\/wp\/v2\/comments?post=12958"}],"version-history":[{"count":2,"href":"https:\/\/museuciencies.cat\/es\/wp-json\/wp\/v2\/pages\/12958\/revisions"}],"predecessor-version":[{"id":108358,"href":"https:\/\/museuciencies.cat\/es\/wp-json\/wp\/v2\/pages\/12958\/revisions\/108358"}],"up":[{"embeddable":true,"href":"https:\/\/museuciencies.cat\/es\/wp-json\/wp\/v2\/pages\/12945"}],"wp:attachment":[{"href":"https:\/\/museuciencies.cat\/es\/wp-json\/wp\/v2\/media?parent=12958"}],"curies":[{"name":"wp","href":"https:\/\/api.w.org\/{rel}","templated":true}]}}