{"id":114982,"date":"2024-09-10T15:13:45","date_gmt":"2024-09-10T13:13:45","guid":{"rendered":"https:\/\/museuciencies.cat\/el-nat\/quienes-somos\/trabaja-con-nosotros\/practiques-al-museu\/"},"modified":"2024-11-13T10:57:32","modified_gmt":"2024-11-13T08:57:32","slug":"practiques-al-museu","status":"publish","type":"page","link":"https:\/\/museuciencies.cat\/es\/el-nat\/quienes-somos\/trabaja-con-nosotros\/practiques-al-museu\/","title":{"rendered":"Pr\u00e1cticas"},"content":{"rendered":"<p>Si quieres hacer pr\u00e1cticas consulta las universidades y centros con los que el Museo tiene convenio:<\/p>\n<ul>\n<li>Escola Superior de Conservaci\u00f3 i Restauraci\u00f3 de B\u00e9ns Culturals\u00a0 (<a href=\"https:\/\/www.escrbcc.cat\/\" target=\"_blank\" rel=\"noopener\">ESCRBCC<\/a>)<\/li>\n<li><a href=\"https:\/\/www.ub.edu\/portal\/web\/biologia\" target=\"_blank\" rel=\"noopener\">Facultad de Biolog\u00eda<\/a>. Universitat de Barcelona<\/li>\n<li><a href=\"https:\/\/www.ub.edu\/portal\/web\/bellesarts\" target=\"_blank\" rel=\"noopener\">Facultad de Bellas Artes.<\/a> Universitat de Barcelona<\/li>\n<li><a href=\"https:\/\/www.ub.edu\/portal\/web\/filologia-comunicacio\" target=\"_blank\" rel=\"noopener\">Facultad de Filolog\u00eda<\/a>. Universitat de Barcelona<\/li>\n<li><a href=\"https:\/\/www.ub.edu\/portal\/web\/ciencies-terra\" target=\"_blank\" rel=\"noopener\">Facultat Ci\u00e8ncies de la Terra.<\/a> Universitat de Barcelona<\/li>\n<li><a href=\"https:\/\/www.uab.cat\/biociencies\/?gad_source=1&amp;gclid=CjwKCAjw3P-2BhAEEiwA3yPhwOcU7juxs3vJuaW878y2X9lTzZjuJzHlJj3Jh07bvr1d50ZsNdDF6BoC4e8QAvD_BwE\" target=\"_blank\" rel=\"noopener\">Facultad de Biociencias<\/a>. Universitat Aut\u00f2noma de Barcelona<\/li>\n<li><a href=\"https:\/\/www.upm.es\/\" target=\"_blank\" rel=\"noopener\">Universidad Polit\u00e9cnica de Madrid<\/a><\/li>\n<\/ul>\n","protected":false},"excerpt":{"rendered":"<p>Si quieres hacer pr\u00e1cticas consulta las universidades y centros con los que el Museo tiene convenio: Escola Superior de Conservaci\u00f3 i Restauraci\u00f3 de B\u00e9ns Culturals\u00a0 (ESCRBCC) Facultad de Biolog\u00eda. Universitat de Barcelona Facultad de Bellas Artes. Universitat de Barcelona Facultad de Filolog\u00eda. Universitat de Barcelona Facultat Ci\u00e8ncies de la Terra. Universitat de Barcelona Facultad de [&hellip;]<\/p>\n","protected":false},"author":2,"featured_media":0,"parent":39509,"menu_order":0,"comment_status":"closed","ping_status":"closed","template":"","meta":{"_acf_changed":false,"footnotes":""},"class_list":["post-114982","page","type-page","status-publish","hentry"],"acf":{"segona_part":"","tambe_us_pot_interessar":"","img_cap":113627,"presenta_peu":false,"imatge_llistat":false,"nou_carrusel":false,"boto_de_link_o_mail":false,"arxius_adjunts":false,"links_associats":false,"presenta_fills":"no","activeu_alerta":false,"text_alerta":""},"jetpack_sharing_enabled":true,"_links":{"self":[{"href":"https:\/\/museuciencies.cat\/es\/wp-json\/wp\/v2\/pages\/114982","targetHints":{"allow":["GET"]}}],"collection":[{"href":"https:\/\/museuciencies.cat\/es\/wp-json\/wp\/v2\/pages"}],"about":[{"href":"https:\/\/museuciencies.cat\/es\/wp-json\/wp\/v2\/types\/page"}],"author":[{"embeddable":true,"href":"https:\/\/museuciencies.cat\/es\/wp-json\/wp\/v2\/users\/2"}],"replies":[{"embeddable":true,"href":"https:\/\/museuciencies.cat\/es\/wp-json\/wp\/v2\/comments?post=114982"}],"version-history":[{"count":4,"href":"https:\/\/museuciencies.cat\/es\/wp-json\/wp\/v2\/pages\/114982\/revisions"}],"predecessor-version":[{"id":114988,"href":"https:\/\/museuciencies.cat\/es\/wp-json\/wp\/v2\/pages\/114982\/revisions\/114988"}],"up":[{"embeddable":true,"href":"https:\/\/museuciencies.cat\/es\/wp-json\/wp\/v2\/pages\/39509"}],"wp:attachment":[{"href":"https:\/\/museuciencies.cat\/es\/wp-json\/wp\/v2\/media?parent=114982"}],"curies":[{"name":"wp","href":"https:\/\/api.w.org\/{rel}","templated":true}]}}